{"id":166,"date":"2016-09-07T15:23:31","date_gmt":"2016-09-07T15:23:31","guid":{"rendered":"http:\/\/blogs.escolacristiana.org\/formacio\/?page_id=166"},"modified":"2024-11-05T15:46:35","modified_gmt":"2024-11-05T14:46:35","slug":"accions-destacades","status":"publish","type":"page","link":"http:\/\/blogs.escolacristiana.org\/formacio\/accions-destacades\/","title":{"rendered":"DESTAQUEM"},"content":{"rendered":"<h2><strong>Formacions destacades<\/strong><\/h2>\n<table>\n<tbody>\n<tr>\n<td><\/td>\n<td><b><strong><span style=\"color: #008080\">Webinar FEAC<\/span><br \/>\n<\/strong><\/b><strong>A qu\u00e8 juguem? L\u2019impacte positiu del joc en el desenvolupament personal i social<\/strong><br \/>\n<a href=\"https:\/\/forms.gle\/jnboCivTaPpcR2yy9\"><img loading=\"lazy\" decoding=\"async\" class=\"alignnone wp-image-7422\" src=\"http:\/\/blogs.escolacristiana.org\/formacio\/files\/2024\/10\/Banner-A-que-juguem.jpg\" alt=\"\" width=\"784\" height=\"196\" srcset=\"http:\/\/blogs.escolacristiana.org\/formacio\/files\/2024\/10\/Banner-A-que-juguem-200x50.jpg 200w, http:\/\/blogs.escolacristiana.org\/formacio\/files\/2024\/10\/Banner-A-que-juguem-300x75.jpg 300w, http:\/\/blogs.escolacristiana.org\/formacio\/files\/2024\/10\/Banner-A-que-juguem-400x100.jpg 400w, http:\/\/blogs.escolacristiana.org\/formacio\/files\/2024\/10\/Banner-A-que-juguem-600x150.jpg 600w, http:\/\/blogs.escolacristiana.org\/formacio\/files\/2024\/10\/Banner-A-que-juguem-768x192.jpg 768w, http:\/\/blogs.escolacristiana.org\/formacio\/files\/2024\/10\/Banner-A-que-juguem-800x200.jpg 800w, http:\/\/blogs.escolacristiana.org\/formacio\/files\/2024\/10\/Banner-A-que-juguem.jpg 1000w\" sizes=\"(max-width: 784px) 100vw, 784px\" \/><\/a><br \/>\n<a href=\"https:\/\/forms.gle\/jnboCivTaPpcR2yy9\">Inscripcions<\/a><\/td>\n<\/tr>\n<tr>\n<td><\/td>\n<td><span style=\"color: #ffffff\">a<\/span><\/td>\n<\/tr>\n<tr>\n<td><\/td>\n<td><b><strong><span style=\"color: #008080\">Webinar<\/span><br \/>\n<\/strong><\/b><strong>Qu\u00e8 \u00e9s Qualitat i qu\u00e8 comporta en un centre educatiu. Aspectes significatius<\/strong><br \/>\n<a href=\"https:\/\/forms.gle\/dhcDY3w5GNjofkVq6\"><img loading=\"lazy\" decoding=\"async\" class=\"alignnone wp-image-7426\" src=\"http:\/\/blogs.escolacristiana.org\/formacio\/files\/2024\/10\/W2421.01-Banner-Webinar-Que-es-Qualitat-i-que-comporta-1024x256.png\" alt=\"\" width=\"784\" height=\"196\" srcset=\"http:\/\/blogs.escolacristiana.org\/formacio\/files\/2024\/10\/W2421.01-Banner-Webinar-Que-es-Qualitat-i-que-comporta-200x50.png 200w, http:\/\/blogs.escolacristiana.org\/formacio\/files\/2024\/10\/W2421.01-Banner-Webinar-Que-es-Qualitat-i-que-comporta-300x75.png 300w, http:\/\/blogs.escolacristiana.org\/formacio\/files\/2024\/10\/W2421.01-Banner-Webinar-Que-es-Qualitat-i-que-comporta-400x100.png 400w, http:\/\/blogs.escolacristiana.org\/formacio\/files\/2024\/10\/W2421.01-Banner-Webinar-Que-es-Qualitat-i-que-comporta-600x150.png 600w, http:\/\/blogs.escolacristiana.org\/formacio\/files\/2024\/10\/W2421.01-Banner-Webinar-Que-es-Qualitat-i-que-comporta-768x192.png 768w, http:\/\/blogs.escolacristiana.org\/formacio\/files\/2024\/10\/W2421.01-Banner-Webinar-Que-es-Qualitat-i-que-comporta-800x200.png 800w, http:\/\/blogs.escolacristiana.org\/formacio\/files\/2024\/10\/W2421.01-Banner-Webinar-Que-es-Qualitat-i-que-comporta-1024x256.png 1024w, http:\/\/blogs.escolacristiana.org\/formacio\/files\/2024\/10\/W2421.01-Banner-Webinar-Que-es-Qualitat-i-que-comporta.png 1200w\" sizes=\"(max-width: 784px) 100vw, 784px\" \/><\/a><br \/>\n<a href=\"https:\/\/forms.gle\/dhcDY3w5GNjofkVq6\">Inscripcions<\/a><\/td>\n<\/tr>\n<tr>\n<td><\/td>\n<td><span style=\"color: #ffffff\">a<\/span><\/td>\n<\/tr>\n<tr>\n<td><\/td>\n<td><b><strong><span style=\"color: #008080\">CCAPAC<\/span><br \/>\n<\/strong><\/b><strong>Curs per a nous dirigents d&#8217;AMPA <\/strong><br \/>\n<a href=\"https:\/\/www.fecc.cat\/curs-per-a-nous-dirigents-dampas\"><img loading=\"lazy\" decoding=\"async\" class=\"alignnone wp-image-7416\" src=\"http:\/\/blogs.escolacristiana.org\/formacio\/files\/2024\/10\/Banner-24148.1-Dirigents-AMPAs-1024x256.png\" alt=\"\" width=\"784\" height=\"196\" srcset=\"http:\/\/blogs.escolacristiana.org\/formacio\/files\/2024\/10\/Banner-24148.1-Dirigents-AMPAs-200x50.png 200w, http:\/\/blogs.escolacristiana.org\/formacio\/files\/2024\/10\/Banner-24148.1-Dirigents-AMPAs-300x75.png 300w, http:\/\/blogs.escolacristiana.org\/formacio\/files\/2024\/10\/Banner-24148.1-Dirigents-AMPAs-400x100.png 400w, http:\/\/blogs.escolacristiana.org\/formacio\/files\/2024\/10\/Banner-24148.1-Dirigents-AMPAs-600x150.png 600w, http:\/\/blogs.escolacristiana.org\/formacio\/files\/2024\/10\/Banner-24148.1-Dirigents-AMPAs-768x192.png 768w, http:\/\/blogs.escolacristiana.org\/formacio\/files\/2024\/10\/Banner-24148.1-Dirigents-AMPAs-800x200.png 800w, http:\/\/blogs.escolacristiana.org\/formacio\/files\/2024\/10\/Banner-24148.1-Dirigents-AMPAs-1024x256.png 1024w, http:\/\/blogs.escolacristiana.org\/formacio\/files\/2024\/10\/Banner-24148.1-Dirigents-AMPAs.png 1200w\" sizes=\"(max-width: 784px) 100vw, 784px\" \/><\/a><br \/>\n<a href=\"http:\/\/blogs.escolacristiana.org\/formacio\/files\/2024\/10\/24148.01-Curs-per-a-Nous-Dirigents-dAMPA.pdf\" target=\"_blank\" rel=\"noopener\">Programa<\/a> || <a href=\"https:\/\/www.fecc.cat\/curs-per-a-nous-dirigents-dampas\">Inscripcions<\/a><br \/>\n<img loading=\"lazy\" decoding=\"async\" class=\"alignnone size-full wp-image-571\" src=\"http:\/\/blogs.escolacristiana.org\/formacio\/files\/2016\/09\/ccapac_petit-e1569236301992.png\" alt=\"\" width=\"135\" height=\"45\" \/><\/td>\n<\/tr>\n<tr>\n<td><\/td>\n<td><span style=\"color: #ffffff\">a<\/span><\/td>\n<\/tr>\n<tr>\n<td><\/td>\n<td>Accedeix a totes les formacions amb inscripci\u00f3 oberta <strong><span style=\"font-size: 18px\"><a href=\"http:\/\/blogs.escolacristiana.org\/formacio\/llistat-de-cursos\/\">aqu\u00ed <\/a><\/span><\/strong><\/td>\n<\/tr>\n<tr>\n<td><\/td>\n<td><span style=\"color: #ffffff\">a<\/span><\/td>\n<\/tr>\n<\/tbody>\n<\/table>\n","protected":false},"excerpt":{"rendered":"<p>Formacions destacades Webinar FEAC A qu\u00e8 [&hellip;]<\/p>\n","protected":false},"author":6,"featured_media":0,"parent":0,"menu_order":0,"comment_status":"closed","ping_status":"closed","template":"","meta":{"footnotes":""},"_links":{"self":[{"href":"http:\/\/blogs.escolacristiana.org\/formacio\/wp-json\/wp\/v2\/pages\/166"}],"collection":[{"href":"http:\/\/blogs.escolacristiana.org\/formacio\/wp-json\/wp\/v2\/pages"}],"about":[{"href":"http:\/\/blogs.escolacristiana.org\/formacio\/wp-json\/wp\/v2\/types\/page"}],"author":[{"embeddable":true,"href":"http:\/\/blogs.escolacristiana.org\/formacio\/wp-json\/wp\/v2\/users\/6"}],"replies":[{"embeddable":true,"href":"http:\/\/blogs.escolacristiana.org\/formacio\/wp-json\/wp\/v2\/comments?post=166"}],"version-history":[{"count":719,"href":"http:\/\/blogs.escolacristiana.org\/formacio\/wp-json\/wp\/v2\/pages\/166\/revisions"}],"predecessor-version":[{"id":7434,"href":"http:\/\/blogs.escolacristiana.org\/formacio\/wp-json\/wp\/v2\/pages\/166\/revisions\/7434"}],"wp:attachment":[{"href":"http:\/\/blogs.escolacristiana.org\/formacio\/wp-json\/wp\/v2\/media?parent=166"}],"curies":[{"name":"wp","href":"https:\/\/api.w.org\/{rel}","templated":true}]}}