{"id":176,"date":"2016-09-09T08:07:53","date_gmt":"2016-09-09T08:07:53","guid":{"rendered":"http:\/\/blogs.escolacristiana.org\/formacio\/?page_id=176"},"modified":"2024-10-30T18:08:39","modified_gmt":"2024-10-30T17:08:39","slug":"llistat-de-cursos","status":"publish","type":"page","link":"http:\/\/blogs.escolacristiana.org\/formacio\/llistat-de-cursos\/","title":{"rendered":"LLISTAT DE CURSOS"},"content":{"rendered":"<h2><strong>Cursos amb inscripci\u00f3 oberta<\/strong><\/h2>\n<h3><strong><span style=\"color: #9b0401\">11 de novembre de 2024<\/span><\/strong><\/h3>\n<p style=\"padding-left: 30px\"><b><strong>24139.01 Integrar els ODS al curr\u00edculum i a l\u2019aprenentatge (PRESENCIAL)<\/strong><br \/>\n<\/b>Intervenci\u00f3 a l&#8217;aula<b><br \/>\n<\/b><a href=\"http:\/\/blogs.escolacristiana.org\/formacio\/files\/2024\/09\/24139.01-Integrar-els-ODS-al-curriculum-i-a-laprenentatge-.pdf\" target=\"_blank\" rel=\"noopener\">Programa<\/a> || <a href=\"http:\/\/www.escolacristiana.org\/formacio\/fullinscripcio.aspx?idf=3471\" target=\"_blank\" rel=\"noopener\">Inscripcions<\/a><\/p>\n<h3><strong><span style=\"color: #9b0401\">13 de novembre de 2024<\/span><\/strong><\/h3>\n<p style=\"padding-left: 30px\"><b><strong>24122.1 Gesti\u00f3 del m\u00e0rqueting. M\u00f2dul d&#8217;Escola de Directius (PRESENCIAL)<\/strong><br \/>\n<img loading=\"lazy\" decoding=\"async\" class=\"alignnone size-full wp-image-7335\" src=\"http:\/\/blogs.escolacristiana.org\/formacio\/files\/2024\/09\/24122.01-Banner-Gestio-del-marqueting.-Modul-EdD.jpg\" alt=\"\" width=\"658\" height=\"150\" srcset=\"http:\/\/blogs.escolacristiana.org\/formacio\/files\/2024\/09\/24122.01-Banner-Gestio-del-marqueting.-Modul-EdD-200x46.jpg 200w, http:\/\/blogs.escolacristiana.org\/formacio\/files\/2024\/09\/24122.01-Banner-Gestio-del-marqueting.-Modul-EdD-300x68.jpg 300w, http:\/\/blogs.escolacristiana.org\/formacio\/files\/2024\/09\/24122.01-Banner-Gestio-del-marqueting.-Modul-EdD-400x91.jpg 400w, http:\/\/blogs.escolacristiana.org\/formacio\/files\/2024\/09\/24122.01-Banner-Gestio-del-marqueting.-Modul-EdD-600x137.jpg 600w, http:\/\/blogs.escolacristiana.org\/formacio\/files\/2024\/09\/24122.01-Banner-Gestio-del-marqueting.-Modul-EdD.jpg 658w\" sizes=\"(max-width: 658px) 100vw, 658px\" \/><br \/>\n<\/b>Gesti\u00f3 i organitzaci\u00f3 de centres<b><br \/>\n<\/b><a href=\"http:\/\/blogs.escolacristiana.org\/formacio\/files\/2024\/07\/24122.01-Gestio-del-marketing.-Modul-dEscola-de-Directius.pdf\" target=\"_blank\" rel=\"noopener\">Programa<\/a> || <a href=\"http:\/\/www.escolacristiana.org\/formacio\/fullinscripcio.aspx?idf=3451\" target=\"_blank\" rel=\"noopener\">Inscripcions<\/a><br \/>\n<img loading=\"lazy\" decoding=\"async\" class=\"alignnone wp-image-705 size-full\" src=\"http:\/\/blogs.escolacristiana.org\/formacio\/files\/2016\/09\/edd_petit.png\" alt=\"\" width=\"100\" height=\"50\" \/><img loading=\"lazy\" decoding=\"async\" class=\"wp-image-1005 alignleft\" src=\"http:\/\/blogs.escolacristiana.org\/formacio\/files\/2016\/09\/baula_logo.jpg\" alt=\"\" width=\"105\" height=\"29\" \/><\/p>\n<h3><strong><span style=\"color: #9b0401\">20 de novembre de 2024<\/span><\/strong><\/h3>\n<p style=\"padding-left: 30px\"><b><strong>24152.01 \/ 25025.01 Estudi de cas: estrat\u00e8gies de treball amb alumnat amb dificultats d&#8217;aprenentatge (PRESENCIAL)<\/strong><br \/>\n<\/b>Intervenci\u00f3 a l&#8217;aula<b><br \/>\n<\/b><a href=\"http:\/\/blogs.escolacristiana.org\/formacio\/files\/2024\/09\/24152.01-25025.01-Estudi-de-cas.pdf\" target=\"_blank\" rel=\"noopener\">Programa<\/a> || <a href=\"http:\/\/www.escolacristiana.org\/formacio\/fullinscripcio.aspx?idf=3487\" target=\"_blank\" rel=\"noopener\">Inscripcions<\/a><\/p>\n<p style=\"padding-left: 30px\"><b><strong><span style=\"color: #008080\">Webinar FEAC<\/span><br \/>\n<\/strong><\/b><strong>A qu\u00e8 juguem? L\u2019impacte positiu del joc en el desenvolupament personal i social<\/strong><br \/>\n<a href=\"https:\/\/forms.gle\/jnboCivTaPpcR2yy9\"><img loading=\"lazy\" decoding=\"async\" class=\"alignnone wp-image-7422\" src=\"http:\/\/blogs.escolacristiana.org\/formacio\/files\/2024\/10\/Banner-A-que-juguem.jpg\" alt=\"\" width=\"784\" height=\"196\" srcset=\"http:\/\/blogs.escolacristiana.org\/formacio\/files\/2024\/10\/Banner-A-que-juguem-200x50.jpg 200w, http:\/\/blogs.escolacristiana.org\/formacio\/files\/2024\/10\/Banner-A-que-juguem-300x75.jpg 300w, http:\/\/blogs.escolacristiana.org\/formacio\/files\/2024\/10\/Banner-A-que-juguem-400x100.jpg 400w, http:\/\/blogs.escolacristiana.org\/formacio\/files\/2024\/10\/Banner-A-que-juguem-600x150.jpg 600w, http:\/\/blogs.escolacristiana.org\/formacio\/files\/2024\/10\/Banner-A-que-juguem-768x192.jpg 768w, http:\/\/blogs.escolacristiana.org\/formacio\/files\/2024\/10\/Banner-A-que-juguem-800x200.jpg 800w, http:\/\/blogs.escolacristiana.org\/formacio\/files\/2024\/10\/Banner-A-que-juguem.jpg 1000w\" sizes=\"(max-width: 784px) 100vw, 784px\" \/><\/a><br \/>\n<a href=\"https:\/\/forms.gle\/jnboCivTaPpcR2yy9\">Inscripcions<\/a><\/p>\n<p style=\"padding-left: 30px\"><b><strong><span style=\"color: #008080\">Webinar<\/span><br \/>\n<\/strong><\/b><strong>Qu\u00e8 \u00e9s Qualitat i qu\u00e8 comporta en un centre educatiu. Aspectes significatius<\/strong><br \/>\n<a href=\"https:\/\/forms.gle\/dhcDY3w5GNjofkVq6\"><img loading=\"lazy\" decoding=\"async\" class=\"alignnone wp-image-7426\" src=\"http:\/\/blogs.escolacristiana.org\/formacio\/files\/2024\/10\/W2421.01-Banner-Webinar-Que-es-Qualitat-i-que-comporta-1024x256.png\" alt=\"\" width=\"784\" height=\"196\" srcset=\"http:\/\/blogs.escolacristiana.org\/formacio\/files\/2024\/10\/W2421.01-Banner-Webinar-Que-es-Qualitat-i-que-comporta-200x50.png 200w, http:\/\/blogs.escolacristiana.org\/formacio\/files\/2024\/10\/W2421.01-Banner-Webinar-Que-es-Qualitat-i-que-comporta-300x75.png 300w, http:\/\/blogs.escolacristiana.org\/formacio\/files\/2024\/10\/W2421.01-Banner-Webinar-Que-es-Qualitat-i-que-comporta-400x100.png 400w, http:\/\/blogs.escolacristiana.org\/formacio\/files\/2024\/10\/W2421.01-Banner-Webinar-Que-es-Qualitat-i-que-comporta-600x150.png 600w, http:\/\/blogs.escolacristiana.org\/formacio\/files\/2024\/10\/W2421.01-Banner-Webinar-Que-es-Qualitat-i-que-comporta-768x192.png 768w, http:\/\/blogs.escolacristiana.org\/formacio\/files\/2024\/10\/W2421.01-Banner-Webinar-Que-es-Qualitat-i-que-comporta-800x200.png 800w, http:\/\/blogs.escolacristiana.org\/formacio\/files\/2024\/10\/W2421.01-Banner-Webinar-Que-es-Qualitat-i-que-comporta-1024x256.png 1024w, http:\/\/blogs.escolacristiana.org\/formacio\/files\/2024\/10\/W2421.01-Banner-Webinar-Que-es-Qualitat-i-que-comporta.png 1200w\" sizes=\"(max-width: 784px) 100vw, 784px\" \/><\/a><br \/>\n<a href=\"https:\/\/forms.gle\/dhcDY3w5GNjofkVq6\">Inscripcions<\/a><\/p>\n<h3><strong><span style=\"color: #9b0401\">23 de novembre de 2024<\/span><\/strong><\/h3>\n<p style=\"padding-left: 30px\"><b><strong><span style=\"color: #008080\">CCAPAC<\/span><br \/>\n<\/strong><\/b><strong>Curs per a nous dirigents d&#8217;AMPA <\/strong><br \/>\n<a href=\"https:\/\/www.fecc.cat\/curs-per-a-nous-dirigents-dampas\"><img loading=\"lazy\" decoding=\"async\" class=\"alignnone wp-image-7416\" src=\"http:\/\/blogs.escolacristiana.org\/formacio\/files\/2024\/10\/Banner-24148.1-Dirigents-AMPAs-1024x256.png\" alt=\"\" width=\"784\" height=\"196\" srcset=\"http:\/\/blogs.escolacristiana.org\/formacio\/files\/2024\/10\/Banner-24148.1-Dirigents-AMPAs-200x50.png 200w, http:\/\/blogs.escolacristiana.org\/formacio\/files\/2024\/10\/Banner-24148.1-Dirigents-AMPAs-300x75.png 300w, http:\/\/blogs.escolacristiana.org\/formacio\/files\/2024\/10\/Banner-24148.1-Dirigents-AMPAs-400x100.png 400w, http:\/\/blogs.escolacristiana.org\/formacio\/files\/2024\/10\/Banner-24148.1-Dirigents-AMPAs-600x150.png 600w, http:\/\/blogs.escolacristiana.org\/formacio\/files\/2024\/10\/Banner-24148.1-Dirigents-AMPAs-768x192.png 768w, http:\/\/blogs.escolacristiana.org\/formacio\/files\/2024\/10\/Banner-24148.1-Dirigents-AMPAs-800x200.png 800w, http:\/\/blogs.escolacristiana.org\/formacio\/files\/2024\/10\/Banner-24148.1-Dirigents-AMPAs-1024x256.png 1024w, http:\/\/blogs.escolacristiana.org\/formacio\/files\/2024\/10\/Banner-24148.1-Dirigents-AMPAs.png 1200w\" sizes=\"(max-width: 784px) 100vw, 784px\" \/><\/a><br \/>\n<a href=\"http:\/\/blogs.escolacristiana.org\/formacio\/files\/2024\/10\/24148.01-Curs-per-a-Nous-Dirigents-dAMPA.pdf\" target=\"_blank\" rel=\"noopener\">Programa<\/a> || <a href=\"https:\/\/www.fecc.cat\/curs-per-a-nous-dirigents-dampas\">Inscripcions<\/a><br \/>\n<img loading=\"lazy\" decoding=\"async\" class=\"alignnone size-full wp-image-571\" src=\"http:\/\/blogs.escolacristiana.org\/formacio\/files\/2016\/09\/ccapac_petit-e1569236301992.png\" alt=\"\" width=\"135\" height=\"45\" \/><\/p>\n<h3><strong><span style=\"color: #9b0401\">25 de novembre de 2024<\/span><\/strong><\/h3>\n<p style=\"padding-left: 30px\"><b><strong>24136.01 Reptes i canvis del nou curr\u00edculum d\u2019Educaci\u00f3 Infantil (PRESENCIAL)<\/strong><br \/>\n<\/b>Intervenci\u00f3 a l&#8217;aula<b><br \/>\n<\/b><a href=\"http:\/\/blogs.escolacristiana.org\/formacio\/files\/2024\/09\/24136.01-Resptes-i-canvis-del-nou-curriculum-dE.I.pdf\" target=\"_blank\" rel=\"noopener\">Programa<\/a> || <a href=\"http:\/\/www.escolacristiana.org\/formacio\/fullinscripcio.aspx?idf=3490\" target=\"_blank\" rel=\"noopener\">Inscripcions<\/a><\/p>\n<h3><strong><span style=\"color: #9b0401\">13 de gener de 2025<\/span><\/strong><\/h3>\n<p style=\"padding-left: 30px\"><b><strong>Religi\u00f3 cat\u00f2lica: propostes de situacions d&#8217;aprenentatge (ONLINE)<\/strong><br \/>\n<\/b>Identitat i missi\u00f3<b><br \/>\n<\/b><a href=\"https:\/\/www.iscreb.org\/ca\/formacio\/linies-formatives\/religio-catolica-propostes-de-situacions-daprenentatge\" target=\"_blank\" rel=\"noopener\">M\u00e9s informaci\u00f3 i inscripci\u00f3<\/a><br \/>\n<img loading=\"lazy\" decoding=\"async\" class=\"alignnone wp-image-3853 \" src=\"http:\/\/blogs.escolacristiana.org\/formacio\/files\/2020\/07\/logo_iscreb.png\" alt=\"\" width=\"156\" height=\"67\" srcset=\"http:\/\/blogs.escolacristiana.org\/formacio\/files\/2020\/07\/logo_iscreb-200x86.png 200w, http:\/\/blogs.escolacristiana.org\/formacio\/files\/2020\/07\/logo_iscreb.png 210w\" sizes=\"(max-width: 156px) 100vw, 156px\" \/><\/p>\n<p style=\"padding-left: 30px\"><b><strong>El valor de la diversitat. Atenci\u00f3 a les dificultats d&#8217;aprenentatge a la classe de Religi\u00f3 (ONLINE)<\/strong><br \/>\n<\/b>Identitat i missi\u00f3<b><br \/>\n<\/b><a href=\"https:\/\/www.iscreb.org\/ca\/formacio\/linies-formatives\/el-valor-de-la-diversitat-atencio-les-dificultats-daprenentatge-la\" target=\"_blank\" rel=\"noopener\">M\u00e9s informaci\u00f3 i inscripci\u00f3<\/a><br \/>\n<img loading=\"lazy\" decoding=\"async\" class=\"alignnone wp-image-3853 \" src=\"http:\/\/blogs.escolacristiana.org\/formacio\/files\/2020\/07\/logo_iscreb.png\" alt=\"\" width=\"156\" height=\"67\" srcset=\"http:\/\/blogs.escolacristiana.org\/formacio\/files\/2020\/07\/logo_iscreb-200x86.png 200w, http:\/\/blogs.escolacristiana.org\/formacio\/files\/2020\/07\/logo_iscreb.png 210w\" sizes=\"(max-width: 156px) 100vw, 156px\" \/><\/p>\n<h3><strong><span style=\"color: #9b0401\">30 de gener de 2025<\/span><\/strong><\/h3>\n<p style=\"padding-left: 30px\"><b><strong>25029.01 Gesti\u00f3 econ\u00f2mica. M\u00f2dul d&#8217;Escola de Directius (PRESENCIAL)<\/strong><br \/>\n<img loading=\"lazy\" decoding=\"async\" class=\"alignnone wp-image-7390 \" src=\"http:\/\/blogs.escolacristiana.org\/formacio\/files\/2024\/10\/Gestio-economica.-Modul-EdD_Banner-1024x239.jpg\" alt=\"\" width=\"643\" height=\"150\" srcset=\"http:\/\/blogs.escolacristiana.org\/formacio\/files\/2024\/10\/Gestio-economica.-Modul-EdD_Banner-200x47.jpg 200w, http:\/\/blogs.escolacristiana.org\/formacio\/files\/2024\/10\/Gestio-economica.-Modul-EdD_Banner-300x70.jpg 300w, http:\/\/blogs.escolacristiana.org\/formacio\/files\/2024\/10\/Gestio-economica.-Modul-EdD_Banner-400x93.jpg 400w, http:\/\/blogs.escolacristiana.org\/formacio\/files\/2024\/10\/Gestio-economica.-Modul-EdD_Banner-600x140.jpg 600w, http:\/\/blogs.escolacristiana.org\/formacio\/files\/2024\/10\/Gestio-economica.-Modul-EdD_Banner-768x179.jpg 768w, http:\/\/blogs.escolacristiana.org\/formacio\/files\/2024\/10\/Gestio-economica.-Modul-EdD_Banner-800x186.jpg 800w, http:\/\/blogs.escolacristiana.org\/formacio\/files\/2024\/10\/Gestio-economica.-Modul-EdD_Banner-1024x239.jpg 1024w, http:\/\/blogs.escolacristiana.org\/formacio\/files\/2024\/10\/Gestio-economica.-Modul-EdD_Banner-1200x280.jpg 1200w, http:\/\/blogs.escolacristiana.org\/formacio\/files\/2024\/10\/Gestio-economica.-Modul-EdD_Banner-1536x358.jpg 1536w, http:\/\/blogs.escolacristiana.org\/formacio\/files\/2024\/10\/Gestio-economica.-Modul-EdD_Banner.jpg 1545w\" sizes=\"(max-width: 643px) 100vw, 643px\" \/><br \/>\n<\/b>Gesti\u00f3 i organitzaci\u00f3 de centres<b><br \/>\n<\/b><a href=\"https:\/\/blogs.escolacristiana.org\/formacio\/files\/2024\/10\/25028.01-Gestio-economica.pdf\" target=\"_blank\" rel=\"noopener\">Programa<\/a> || <a href=\"http:\/\/www.escolacristiana.org\/formacio\/fullinscripcio.aspx?idf=3494\" target=\"_blank\" rel=\"noopener\">Inscripcions<\/a><br \/>\n<img loading=\"lazy\" decoding=\"async\" class=\"wp-image-1005 alignleft\" src=\"http:\/\/blogs.escolacristiana.org\/formacio\/files\/2016\/09\/baula_logo.jpg\" alt=\"\" width=\"105\" height=\"29\" \/><img loading=\"lazy\" decoding=\"async\" class=\"alignnone wp-image-705 size-full\" src=\"http:\/\/blogs.escolacristiana.org\/formacio\/files\/2016\/09\/edd_petit.png\" alt=\"\" width=\"100\" height=\"50\" \/><\/p>\n<h3><strong><span style=\"color: #9b0401\">30 de gener de 2025<\/span><\/strong><\/h3>\n<p style=\"padding-left: 30px\"><b><strong>25037.01 Auditors interns (PRESENCIAL\/ONLINE)<\/strong><br \/>\n<\/b>Gesti\u00f3 i organitzaci\u00f3 de centres<b><br \/>\n<\/b>Programa || <a href=\"http:\/\/www.escolacristiana.org\/formacio\/fullinscripcio.aspx?idf=3508\" target=\"_blank\" rel=\"noopener\">Inscripcions<\/a><\/p>\n<h3><strong><span style=\"color: #9b0401\">3 de febrer de 2025<\/span><\/strong><\/h3>\n<p style=\"padding-left: 30px\"><b><strong>25003.01 Les capacitats f\u00edsiques a l&#8217;aula. Jocs i formes jugades per portar-les a la pr\u00e0ctica (ONLINE)<\/strong><br \/>\n<\/b>Intervenci\u00f3 a l&#8217;aula<b><br \/>\n<\/b><a href=\"http:\/\/blogs.escolacristiana.org\/formacio\/files\/2024\/07\/25003.01-Jocs-i-formes-jugades.pdf\" target=\"_blank\" rel=\"noopener\">Programa<\/a> || <a href=\"http:\/\/www.escolacristiana.org\/formacio\/fullinscripcio.aspx?idf=3434\" target=\"_blank\" rel=\"noopener\">Inscripcions<\/a><\/p>\n<h3><strong><span style=\"color: #9b0401\">5 de febrer de 2025<\/span><\/strong><\/h3>\n<p style=\"padding-left: 30px\"><b><strong>25034.01 Treball i avaluaci\u00f3 competencial al Batxillerat (PRESENCIAL\/ONLINE)<\/strong><br \/>\n<\/b>Intervenci\u00f3 a l&#8217;aula<b><br \/>\n<\/b>Programa || <a href=\"http:\/\/www.escolacristiana.org\/formacio\/fullinscripcio.aspx?idf=3505\" target=\"_blank\" rel=\"noopener\">Inscripcions<\/a><\/p>\n<h3><strong><span style=\"color: #9b0401\">7 de febrer de 2025<\/span><\/strong><\/h3>\n<p style=\"padding-left: 30px\"><b><strong>25033.01 Els 7 h\u00e0bits de la gent altament efectiva. Lideratge aplicat a l&#8217;educaci\u00f3 (PRESENCIAL)<\/strong><br \/>\n<\/b>Gesti\u00f3 i organitzaci\u00f3 de centres<b><br \/>\n<\/b><a href=\"http:\/\/blogs.escolacristiana.org\/formacio\/files\/2024\/10\/25033.01-Els-7-habits-de-la-gent-altament-efectiva.pdf\">Programa<\/a> || <a href=\"http:\/\/www.escolacristiana.org\/formacio\/fullinscripcio.aspx?idf=3510\" target=\"_blank\" rel=\"noopener\">Inscripcions<\/a><\/p>\n<h3><strong><span style=\"color: #9b0401\">11 de febrer de 2025<\/span><\/strong><\/h3>\n<p style=\"padding-left: 30px\"><b><strong>25040.01 Gesti\u00f3 del benestar per al PAS (PRESENCIAL)<\/strong><br \/>\n<\/b>Gesti\u00f3 i organitzaci\u00f3 de centres<b><br \/>\n<\/b>Programa || <a href=\"http:\/\/www.escolacristiana.org\/formacio\/fullinscripcio.aspx?idf=3506\" target=\"_blank\" rel=\"noopener\">Inscripcions<\/a><\/p>\n<h3><strong><span style=\"color: #9b0401\">12 de febrer de 2025<\/span><\/strong><\/h3>\n<p style=\"padding-left: 30px\"><b><strong>25029.01 Lideratge basat en evid\u00e8ncies. M\u00f2dul d&#8217;Escola de Directius (PRESENCIAL)<\/strong><br \/>\n<img loading=\"lazy\" decoding=\"async\" class=\"alignnone wp-image-7392 \" src=\"http:\/\/blogs.escolacristiana.org\/formacio\/files\/2024\/10\/Lideratge-basat-en-evidencies.-Modul-EdD_Banner-1024x240.jpg\" alt=\"\" width=\"640\" height=\"150\" srcset=\"http:\/\/blogs.escolacristiana.org\/formacio\/files\/2024\/10\/Lideratge-basat-en-evidencies.-Modul-EdD_Banner-200x47.jpg 200w, http:\/\/blogs.escolacristiana.org\/formacio\/files\/2024\/10\/Lideratge-basat-en-evidencies.-Modul-EdD_Banner-300x70.jpg 300w, http:\/\/blogs.escolacristiana.org\/formacio\/files\/2024\/10\/Lideratge-basat-en-evidencies.-Modul-EdD_Banner-400x94.jpg 400w, http:\/\/blogs.escolacristiana.org\/formacio\/files\/2024\/10\/Lideratge-basat-en-evidencies.-Modul-EdD_Banner-600x140.jpg 600w, http:\/\/blogs.escolacristiana.org\/formacio\/files\/2024\/10\/Lideratge-basat-en-evidencies.-Modul-EdD_Banner-768x180.jpg 768w, http:\/\/blogs.escolacristiana.org\/formacio\/files\/2024\/10\/Lideratge-basat-en-evidencies.-Modul-EdD_Banner-800x187.jpg 800w, http:\/\/blogs.escolacristiana.org\/formacio\/files\/2024\/10\/Lideratge-basat-en-evidencies.-Modul-EdD_Banner-1024x240.jpg 1024w, http:\/\/blogs.escolacristiana.org\/formacio\/files\/2024\/10\/Lideratge-basat-en-evidencies.-Modul-EdD_Banner-1200x281.jpg 1200w, http:\/\/blogs.escolacristiana.org\/formacio\/files\/2024\/10\/Lideratge-basat-en-evidencies.-Modul-EdD_Banner-1536x360.jpg 1536w, http:\/\/blogs.escolacristiana.org\/formacio\/files\/2024\/10\/Lideratge-basat-en-evidencies.-Modul-EdD_Banner.jpg 1636w\" sizes=\"(max-width: 640px) 100vw, 640px\" \/><br \/>\n<\/b>Gesti\u00f3 i organitzaci\u00f3 de centres<b><br \/>\n<\/b>Programa || <a href=\"http:\/\/www.escolacristiana.org\/formacio\/fullinscripcio.aspx?idf=3495\" target=\"_blank\" rel=\"noopener\">Inscripcions<\/a><br \/>\n<img loading=\"lazy\" decoding=\"async\" class=\"wp-image-1005 alignleft\" src=\"http:\/\/blogs.escolacristiana.org\/formacio\/files\/2016\/09\/baula_logo.jpg\" alt=\"\" width=\"105\" height=\"29\" \/><img loading=\"lazy\" decoding=\"async\" class=\"alignnone wp-image-705 size-full\" src=\"http:\/\/blogs.escolacristiana.org\/formacio\/files\/2016\/09\/edd_petit.png\" alt=\"\" width=\"100\" height=\"50\" \/><\/p>\n<h3><strong><span style=\"color: #9b0401\">24 de febrer de 2025<\/span><\/strong><\/h3>\n<p style=\"padding-left: 30px\"><b><strong>25030.01 Gesti\u00f3 dels recursos humans. M\u00f2dul d&#8217;Escola de Directius (PRESENCIAL)<\/strong><br \/>\n<img loading=\"lazy\" decoding=\"async\" class=\"alignnone wp-image-7389 \" src=\"http:\/\/blogs.escolacristiana.org\/formacio\/files\/2024\/10\/Gestio-RRHH.-Modul-EdD_Banner-1024x240.jpg\" alt=\"\" width=\"640\" height=\"150\" srcset=\"http:\/\/blogs.escolacristiana.org\/formacio\/files\/2024\/10\/Gestio-RRHH.-Modul-EdD_Banner-200x47.jpg 200w, http:\/\/blogs.escolacristiana.org\/formacio\/files\/2024\/10\/Gestio-RRHH.-Modul-EdD_Banner-300x70.jpg 300w, http:\/\/blogs.escolacristiana.org\/formacio\/files\/2024\/10\/Gestio-RRHH.-Modul-EdD_Banner-400x94.jpg 400w, http:\/\/blogs.escolacristiana.org\/formacio\/files\/2024\/10\/Gestio-RRHH.-Modul-EdD_Banner-600x141.jpg 600w, http:\/\/blogs.escolacristiana.org\/formacio\/files\/2024\/10\/Gestio-RRHH.-Modul-EdD_Banner-768x180.jpg 768w, http:\/\/blogs.escolacristiana.org\/formacio\/files\/2024\/10\/Gestio-RRHH.-Modul-EdD_Banner-800x188.jpg 800w, http:\/\/blogs.escolacristiana.org\/formacio\/files\/2024\/10\/Gestio-RRHH.-Modul-EdD_Banner-1024x240.jpg 1024w, http:\/\/blogs.escolacristiana.org\/formacio\/files\/2024\/10\/Gestio-RRHH.-Modul-EdD_Banner-1200x282.jpg 1200w, http:\/\/blogs.escolacristiana.org\/formacio\/files\/2024\/10\/Gestio-RRHH.-Modul-EdD_Banner-1536x360.jpg 1536w, http:\/\/blogs.escolacristiana.org\/formacio\/files\/2024\/10\/Gestio-RRHH.-Modul-EdD_Banner.jpg 1645w\" sizes=\"(max-width: 640px) 100vw, 640px\" \/><br \/>\n<\/b>Gesti\u00f3 i organitzaci\u00f3 de centres<b><br \/>\n<\/b><a href=\"http:\/\/www.fecc.cat\/wp-content\/uploads\/2024\/10\/25030.01-Gestio-dels-RRHH.pdf\" target=\"_blank\" rel=\"noopener\">Programa<\/a> || <a href=\"http:\/\/www.escolacristiana.org\/formacio\/fullinscripcio.aspx?idf=3496\" target=\"_blank\" rel=\"noopener\">Inscripcions<\/a><br \/>\n<img loading=\"lazy\" decoding=\"async\" class=\"wp-image-1005 alignleft\" src=\"http:\/\/blogs.escolacristiana.org\/formacio\/files\/2016\/09\/baula_logo.jpg\" alt=\"\" width=\"105\" height=\"29\" \/><\/p>\n<h3><\/h3>\n<h3><strong><span style=\"color: #9b0401\">30 de mar\u00e7 de 2025<\/span><\/strong><\/h3>\n<p style=\"padding-left: 30px\"><b><strong>25039.01 Alumnes amb altes capacitats: caracter\u00edstiques, identificaci\u00f3 i atenci\u00f3 educativa personalitzada a l&#8217;aula (PRESENCIAL)<\/strong><br \/>\n<\/b>Intervenci\u00f3 a l&#8217;aula<b><br \/>\n<\/b>Programa || <a href=\"http:\/\/www.escolacristiana.org\/formacio\/fullinscripcio.aspx?idf=3505\" target=\"_blank\" rel=\"noopener\">Inscripcions<\/a><\/p>\n","protected":false},"excerpt":{"rendered":"<p>Cursos amb inscripci\u00f3 oberta 11 de [&hellip;]<\/p>\n","protected":false},"author":6,"featured_media":0,"parent":0,"menu_order":0,"comment_status":"closed","ping_status":"closed","template":"","meta":{"footnotes":""},"_links":{"self":[{"href":"http:\/\/blogs.escolacristiana.org\/formacio\/wp-json\/wp\/v2\/pages\/176"}],"collection":[{"href":"http:\/\/blogs.escolacristiana.org\/formacio\/wp-json\/wp\/v2\/pages"}],"about":[{"href":"http:\/\/blogs.escolacristiana.org\/formacio\/wp-json\/wp\/v2\/types\/page"}],"author":[{"embeddable":true,"href":"http:\/\/blogs.escolacristiana.org\/formacio\/wp-json\/wp\/v2\/users\/6"}],"replies":[{"embeddable":true,"href":"http:\/\/blogs.escolacristiana.org\/formacio\/wp-json\/wp\/v2\/comments?post=176"}],"version-history":[{"count":2195,"href":"http:\/\/blogs.escolacristiana.org\/formacio\/wp-json\/wp\/v2\/pages\/176\/revisions"}],"predecessor-version":[{"id":7432,"href":"http:\/\/blogs.escolacristiana.org\/formacio\/wp-json\/wp\/v2\/pages\/176\/revisions\/7432"}],"wp:attachment":[{"href":"http:\/\/blogs.escolacristiana.org\/formacio\/wp-json\/wp\/v2\/media?parent=176"}],"curies":[{"name":"wp","href":"https:\/\/api.w.org\/{rel}","templated":true}]}}