{"id":3074,"date":"2020-03-18T12:22:13","date_gmt":"2020-03-18T11:22:13","guid":{"rendered":"http:\/\/blogs.escolacristiana.org\/formacio\/?page_id=3074"},"modified":"2020-04-23T16:03:23","modified_gmt":"2020-04-23T15:03:23","slug":"material-infantil","status":"publish","type":"page","link":"http:\/\/blogs.escolacristiana.org\/formacio\/material-infantil\/","title":{"rendered":"Material Infantil"},"content":{"rendered":"<h2><strong>Material per alumnes d&#8217;EDUCACI\u00d3 INFANTIL<\/strong><\/h2>\n<p>&nbsp;<\/p>\n<div class=\"fusion-fullwidth fullwidth-box fusion-builder-row-1 nonhundred-percent-fullwidth non-hundred-percent-height-scrolling\"  style='background-color: rgba(255,255,255,0);background-position: center center;background-repeat: no-repeat;padding-top:0px;padding-right:0px;padding-bottom:0px;padding-left:0px;'><div class=\"fusion-builder-row fusion-row \"><div  class=\"fusion-layout-column fusion_builder_column fusion_builder_column_1_1 fusion-builder-column-1 fusion-one-full fusion-column-first fusion-column-last 1_1\"  style='margin-top:0px;margin-bottom:0px;'>\n\t\t\t\t\t<div class=\"fusion-column-wrapper\" style=\"padding: 0px 0px 0px 0px;background-position:left top;background-repeat:no-repeat;-webkit-background-size:cover;-moz-background-size:cover;-o-background-size:cover;background-size:cover;\"   data-bg-url=\"\">\n\t\t\t\t\t\t<div class=\"fusion-tabs fusion-tabs-1 clean vertical-tabs icon-position-left\"><style type=\"text\/css\">#wrapper .fusion-tabs.fusion-tabs-1.clean .nav-tabs li a.tab-link{border-color:#ebeaea;}.fusion-tabs.fusion-tabs-1 .nav-tabs li a.tab-link{background-color:rgba(137,0,6,0.08);}.fusion-tabs.fusion-tabs-1 .nav-tabs li.active a.tab-link,.fusion-tabs.fusion-tabs-1 .nav-tabs li.active a.tab-link:hover,.fusion-tabs.fusion-tabs-1 .nav-tabs li.active a.tab-link:focus{background-color:rgba(137,0,6,0.34);}.fusion-tabs.fusion-tabs-1 .nav-tabs li a:hover{background-color:rgba(137,0,6,0.34);border-top-color:rgba(137,0,6,0.34);}.fusion-tabs.fusion-tabs-1 .tab-pane{background-color:rgba(137,0,6,0.34);}.fusion-tabs.fusion-tabs-1 .nav,.fusion-tabs.fusion-tabs-1 .nav-tabs,.fusion-tabs.fusion-tabs-1 .tab-content .tab-pane{border-color:#ebeaea;}<\/style><div class=\"nav\"><ul class=\"nav-tabs\"><li class=\"active\"><a class=\"tab-link\" data-toggle=\"tab\" id=\"fusion-tab-llard&#039;infants(0-3anys)\" href=\"#tab-fb65d6deebeb6ab9be1\"><h4 class=\"fusion-tab-heading\">LLAR D'INFANTS (0-3 ANYS)<\/h4><\/a><\/li><li><a class=\"tab-link\" data-toggle=\"tab\" id=\"fusion-tab-cicleinfantil(3-6anys)\" href=\"#tab-8ed31411aa9ac15ce3e\"><h4 class=\"fusion-tab-heading\">CICLE INFANTIL (3-6 ANYS)<\/h4><\/a><\/li><li><a class=\"tab-link\" data-toggle=\"tab\" id=\"fusion-tab-totselsnivells\" href=\"#tab-77aa51996fc7bb8df0b\"><h4 class=\"fusion-tab-heading\">TOTS ELS NIVELLS<\/h4><\/a><\/li><\/ul><\/div><div class=\"tab-content\"><div class=\"nav fusion-mobile-tab-nav\"><ul class=\"nav-tabs\"><li class=\"active\"><a class=\"tab-link\" data-toggle=\"tab\" id=\"mobile-fusion-tab-llard&#039;infants(0-3anys)\" href=\"#tab-fb65d6deebeb6ab9be1\"><h4 class=\"fusion-tab-heading\">LLAR D'INFANTS (0-3 ANYS)<\/h4><\/a><\/li><\/ul><\/div><div class=\"tab-pane fade fusion-clearfix in active\" id=\"tab-fb65d6deebeb6ab9be1\">\n<p>\u25b8<a href=\"http:\/\/blogs.escolacristiana.org\/formacio\/files\/2020\/04\/Recomanacions-Llar.pdf-1-1.pdf\"><strong> Recomanacions per treballar des de casa, Llar d&#8217;infants<\/strong><\/a>\u00a0<em>&#8211; Pare Manyanet &#8211; Les Corts (BCN)<\/em><\/p>\n<p>\u25b8<strong>\u00a0<a title=\"https:\/\/www.catalunyareligio.cat\/sites\/default\/files\/00_biblia_escola_5a.pdf\" href=\"https:\/\/drive.google.com\/open?id=1tQ2XFkM2RRfeKwqpphU6dx1Iq37Fu2JT\">Un conte perqu\u00e8 els m\u00e9s petits puguin entendre el que est\u00e0 passant\u00a0<\/a><\/strong> <em>&#8211; Vedruna &#8211; Escorial Vic<\/em><\/p>\n<p>\u25b8<a href=\"https:\/\/www.youtube.com\/watch?v=f7voP0tnPF0\"><strong> Massatge infantil: l&#8217;art de donar amor <\/strong><\/a><em>&#8211; Vedruna &#8211; Escorial Vic <\/em><\/p>\n<p>\u25b8 <a href=\"https:\/\/www.youtube.com\/watch?v=tkRkEj-m_aU\"><strong>Masaje relajante para el beb\u00e9, aprende a hacerlo <\/strong><\/a>\u00a0<em>&#8211; Vedruna &#8211; Escorial Vic<\/em><\/p>\n<p>\u25b8 <a href=\"https:\/\/www.google.com\/url?q=https%3A%2F%2Fwww.sortirambnens.com%2Fper-fer-a-casa%2Fcuinar-amb-nens%2F&amp;sa=D&amp;sntz=1&amp;usg=AFQjCNFpg70DpnC5VEt1uBmjdoapYRuvPw\"><strong>Cuinar amb nens <\/strong><\/a>\u00a0<em>&#8211; Vedruna &#8211; Escorial Vic<\/em><\/p>\n<p>\u25b8\u00a0<a href=\"https:\/\/www.youtube.com\/watch?v=YOAvsfaHgXI&amp;list=PLT1dIA9TcTfUSwpeoEXYJQr6lMUKcojW_\"><strong>CantaJocs <\/strong><\/a>\u00a0<em>&#8211; Vedruna &#8211; Escorial Vic<\/em><\/p>\n<p>\u25b8\u00a0<strong>Can\u00e7oners 1 <a href=\"http:\/\/blogs.escolacristiana.org\/formacio\/files\/2020\/03\/Canconer_EI1.pdf\">LLETRA<\/a> \/ <a href=\"http:\/\/blogs.escolacristiana.org\/formacio\/files\/2020\/03\/Canconer-colorejar_EI1.pdf\">COLOREJAR\u00a0 <\/a><\/strong>\u00a0<em>&#8211; Edeb\u00e9<\/em><\/p>\n<p>\u25b8\u00a0<strong>Can\u00e7oners 2 <a href=\"http:\/\/blogs.escolacristiana.org\/formacio\/files\/2020\/03\/Canconer_EI2.pdf\">LLETRA<\/a> \/ <a href=\"http:\/\/blogs.escolacristiana.org\/formacio\/files\/2020\/03\/Canconer-colorejar_EI2.pdf\">COLOREJAR\u00a0 <\/a><\/strong><a href=\"http:\/\/blogs.escolacristiana.org\/formacio\/files\/2020\/03\/Canconer-colorejar_EI2.pdf\">\u00a0<\/a><em>&#8211; Edeb\u00e9<\/em><\/p>\n<p>\u25b8\u00a0<strong>Contes populars <a href=\"http:\/\/blogs.escolacristiana.org\/formacio\/files\/2020\/03\/Els-tres-porquets.pdf\">Els tres porquets<\/a> \/ <a href=\"http:\/\/blogs.escolacristiana.org\/formacio\/files\/2020\/03\/La-caputxeta-vermella.pdf\">La caputxeta vermella <\/a><\/strong><em>&#8211; Edeb\u00e9<\/em><\/p>\n<p>\u25b8\u00a0<a href=\"http:\/\/blogs.escolacristiana.org\/formacio\/files\/2020\/03\/Grafomotricitat_EI2.pdf\"><strong>Grafomotricitat <\/strong><\/a><em>&#8211; Edeb\u00e9<\/em><\/p>\n<p>\u25b8\u00a0<a href=\"http:\/\/blogs.escolacristiana.org\/formacio\/files\/2020\/03\/personatges-de-contes-popular-i-can\u00e7oners-per-colorejar.pdf\"><strong>Personatges dels contes popular i els con\u00e7oners per colorejar <\/strong><\/a><em>&#8211; Edeb\u00e9<\/em><\/p>\n<\/div><div class=\"nav fusion-mobile-tab-nav\"><ul class=\"nav-tabs\"><li><a class=\"tab-link\" data-toggle=\"tab\" id=\"mobile-fusion-tab-cicleinfantil(3-6anys)\" href=\"#tab-8ed31411aa9ac15ce3e\"><h4 class=\"fusion-tab-heading\">CICLE INFANTIL (3-6 ANYS)<\/h4><\/a><\/li><\/ul><\/div><div class=\"tab-pane fade fusion-clearfix\" id=\"tab-8ed31411aa9ac15ce3e\">\n<p>\u25b8<strong><a href=\"https:\/\/drive.google.com\/file\/d\/1y-fqK8gthkJ4qli_Tc1uUnut2DVVgbl-\/view\"> Consonants en quadr\u00edcula P4<\/a>\u00a0<\/strong> <em>&#8211; Manyanet &#8211; Les Corts (BCN)<\/em><\/p>\n<p>\u25b8<a href=\"https:\/\/drive.google.com\/file\/d\/1J_Lw6YsbO_BFGN_NvBaFZm_tLPcZazwc\/view\"><strong> The three little pigs by _P3 Teacher Mariona_ mp4 (2).mp4 <\/strong><\/a><em>&#8211; Pare Manyanet &#8211; Les Corts<\/em><\/p>\n<p>\u25b8<strong> <a title=\"https:\/\/www.catalunyareligio.cat\/sites\/default\/files\/00_biblia_escola_5a.pdf\" href=\"https:\/\/www.catalunyareligio.cat\/sites\/default\/files\/00_biblia_escola_5a.pdf\">&#8220;Hi havia una vegada&#8230;&#8221; Hist\u00f2ries de la B\u00edblia per a infants de 5 anys <\/a><\/strong> <em>&#8211; Projecte B\u00edblia i Escola. Editorial Baula + Verbo Divino<\/em><\/p>\n<p>\u25b8<strong>\u00a0<a title=\"https:\/\/www.catalunyareligio.cat\/sites\/default\/files\/00_biblia_escola_5a.pdf\" href=\"https:\/\/drive.google.com\/file\/d\/1tQ2XFkM2RRfeKwqpphU6dx1Iq37Fu2JT\/view\">Un conte perqu\u00e8 els m\u00e9s petits puguin entendre el que est\u00e0 passant\u00a0<\/a><\/strong> <em>&#8211; Vedruna &#8211; Escorial Vic<\/em><\/p>\n<p>\u25b8<strong>\u00a0<a title=\"https:\/\/www.catalunyareligio.cat\/sites\/default\/files\/00_biblia_escola_5a.pdf\" href=\"https:\/\/catalunya.ebiblio.es\/opac\/#indice\">Llibres i pel\u00b7l\u00edcules gratu\u00eftes amb el carnet de la biblioteca\u00a0<\/a><\/strong> <em>&#8211; Vedruna &#8211; Escorial Vic<\/em><\/p>\n<p>\u25b8<strong>\u00a0<a title=\"https:\/\/www.catalunyareligio.cat\/sites\/default\/files\/00_biblia_escola_5a.pdf\" href=\"https:\/\/www.google.com\/url?q=https%3A%2F%2Ftotnens.cat%2Fcuina-per-a-nens%2F&amp;sa=D&amp;sntz=1&amp;usg=AFQjCNGuN5gl6zBkFQb1Pq-W5bIjorKpag\">Propostes creatives per fer a la cuina en fam\u00edlia<\/a><\/strong> <em>&#8211; Vedruna &#8211; Escorial Vic<\/em><\/p>\n<p>\u25b8<strong>\u00a0<a title=\"https:\/\/www.catalunyareligio.cat\/sites\/default\/files\/00_biblia_escola_5a.pdf\" href=\"https:\/\/www.google.com\/url?q=https%3A%2F%2Fescoles.fundesplai.org%2Fblog%2F21-idees-creatives-i-educatives-per-fer-amb-els-nens-i-nenes-a-casa%2F&amp;sa=D&amp;sntz=1&amp;usg=AFQjCNFAHs6qsapqrc9SQ9NOEmVmYvsWuQ\">21 idees creatives i educatives per fer amb els nens i nenes a casa<\/a><\/strong> <em>&#8211; Vedruna &#8211; Escorial Vic<\/em><\/p>\n<p>\u25b8<strong>\u00a0<a title=\"https:\/\/www.catalunyareligio.cat\/sites\/default\/files\/00_biblia_escola_5a.pdf\" href=\"https:\/\/www.google.com\/url?q=https%3A%2F%2Fwww.youmekids.com%2Ftop-5-portals-experiments-nens%2F&amp;sa=D&amp;sntz=1&amp;usg=AFQjCNEEbVjegTsuW70AB5-T-tw38cBKxw\">Experiments per realizar a casa amb els m\u00e9s petits<\/a><\/strong> <em>&#8211; Vedruna &#8211; Escorial Vic<\/em><\/p>\n<p>\u25b8<strong>\u00a0<a title=\"https:\/\/www.catalunyareligio.cat\/sites\/default\/files\/00_biblia_escola_5a.pdf\" href=\"https:\/\/www.youtube.com\/watch?v=xYaHpgZL5yU\">Meditaci\u00f3 per exercitar la seva respiraci\u00f3 i aprendre a relaxar-se<\/a><\/strong> <em>&#8211; Vedruna &#8211; Escorial Vic<\/em><\/p>\n<p>\u25b8<strong>\u00a0<a title=\"https:\/\/www.catalunyareligio.cat\/sites\/default\/files\/00_biblia_escola_5a.pdf\" href=\"https:\/\/www.google.com\/url?q=https%3A%2F%2Ftotnens.cat%2Fmanualitats-de-pasqua-creatius-pollets-amb-materials-diversos%2F&amp;sa=D&amp;sntz=1&amp;usg=AFQjCNEB1pz5dOtmzgd7nF4diCsElmlEpQ\">Manualitats de Pasqua<\/a><\/strong> <em>&#8211; Vedruna &#8211; Escorial Vic<\/em><\/p>\n<p>\u25b8<strong> <a title=\"https:\/\/www.catalunyareligio.cat\/sites\/default\/files\/00_biblia_escola_5a.pdf\" href=\"https:\/\/www.google.com\/url?q=https%3A%2F%2Ftotnens.cat%2Fmanualitats-de-pasqua-creatius-pollets-amb-materials-diversos%2F&amp;sa=D&amp;sntz=1&amp;usg=AFQjCNEB1pz5dOtmzgd7nF4diCsElmlEpQ\">&#8220;Va de contes&#8221; V\u00eddeos de contes del Super3 <\/a><\/strong><em>&#8211; Vedruna &#8211; Escorial Vic<\/em><\/p>\n<p>\u25b8\u00a0<a href=\"http:\/\/xtec.gencat.cat\/ca\/recursos\/actuacio-extraordinaria-activitats-autoaprenentatge\/recursos-externs\/\"><strong>Recursos diversos <\/strong><\/a><em>&#8211; <\/em><em>Sant Andreu de Badalona<\/em><\/p>\n<p>\u25b8\u00a0<a href=\"http:\/\/es.tiching.com\/educacion-infantil\/sc\/13\"><strong>Recursos educatius per Infantil<\/strong><\/a> <strong>(Tiching, xarxa educativa escolar)<\/strong> <em>&#8211; <\/em><em>Sant Andreu de Badalona<\/em><\/p>\n<p>\u25b8\u00a0<a href=\"https:\/\/www.aprenentamblesmans.cat\/educacio-infantil\/\"><strong>Aprenent amb les mans <\/strong><\/a><em>&#8211; <\/em><em>Sant Andreu de Badalona<\/em><\/p>\n<p>\u25b8\u00a0<a href=\"http:\/\/www.edu365.cat\/infantil\/index.html\"><strong>EDU 365 <\/strong><\/a><em>&#8211; <\/em><em>Sant Andreu de Badalona<\/em><\/p>\n<p>\u25b8\u00a0<a href=\"http:\/\/www.cristic.com\/infantil\/?lang=ca\"><strong>Jocs educatius online per Infantil <\/strong><\/a><strong>(Cristic) <\/strong><em>&#8211; <\/em><em>Sant Andreu de Badalona<\/em><\/p>\n<p>\u25b8\u00a0<a href=\"https:\/\/es.educaplay.com\/recursos-educativos\/\"><strong>Jocs i activitats educatives <\/strong><\/a><strong>(Educaplay) <\/strong><em>&#8211; <\/em><em>Sant Andreu de Badalona<\/em><\/p>\n<p>\u25b8\u00a0<a href=\"https:\/\/es.ixl.com\/math\/infantil\"><strong>Jocs interactius de matem\u00e0tiques <\/strong><\/a><strong>(IXL Learning) <\/strong><em>&#8211; <\/em><em>Sant Andreu de Badalona<\/em><\/p>\n<p>\u25b8\u00a0<a href=\"http:\/\/blogs.escolacristiana.org\/formacio\/files\/2020\/03\/llegeix-repassa-i-escriu-paraules-senzilles-P5.pdf\"><strong>Llegeix, repasa i escriu paraules senzilles P5 <\/strong><\/a><em>&#8211; <\/em><em>Se\u00f1orita Rosita (<i>TPT, TeachersPayTeachers<\/i>)<\/em><\/p>\n<p>\u25b8\u00a0<a href=\"http:\/\/blogs.escolacristiana.org\/formacio\/files\/2020\/03\/Tira-el-dau-i-copia-la-paraula-P5.pdf\"><strong>Tira el dau i copia la paraula P5 <\/strong><\/a><em>&#8211; <\/em><em>Se\u00f1orita Rosita (<i>TPT, TeachersPayTeachers<\/i>)<\/em><\/p>\n<p>\u25b8\u00a0<strong>Contes populars\u00a0<a href=\"http:\/\/blogs.escolacristiana.org\/formacio\/files\/2020\/03\/Els_molins_de_vent.pdf\">Els molins de vent<\/a> \/ <a href=\"http:\/\/blogs.escolacristiana.org\/formacio\/files\/2020\/03\/La_Blancaneu_i_els_set_nans.pdf\">La Blancaneys i els set nans<\/a> \/ <a href=\"http:\/\/blogs.escolacristiana.org\/formacio\/files\/2020\/03\/Les_set_cabretes_i_el_llop.pdf\">Les set cabretes i el llop <\/a><\/strong><em>&#8211; Edeb\u00e9<\/em><\/p>\n<p>\u25b8\u00a0<strong><a href=\"http:\/\/blogs.escolacristiana.org\/formacio\/files\/2020\/03\/Fitxes-3A.pdf\">Fitxes 3A<\/a> \/ <a href=\"http:\/\/blogs.escolacristiana.org\/formacio\/files\/2020\/03\/LAMINAS_VELEDA_EI_03.pdf\">Laminas veleda 03 <\/a><\/strong><em>&#8211; Edeb\u00e9<\/em><\/p>\n<p>\u25b8\u00a0<strong><a href=\"http:\/\/blogs.escolacristiana.org\/formacio\/files\/2020\/03\/Fitxes-4.pdf\">Fitxes 4A<\/a> \/ <a href=\"http:\/\/blogs.escolacristiana.org\/formacio\/files\/2020\/03\/LAMINAS_VELEDA_EI_04.pdf\">Laminas veleda 04 <\/a><\/strong><em>&#8211; Edeb\u00e9<\/em><\/p>\n<p>\u25b8\u00a0<strong><a href=\"http:\/\/blogs.escolacristiana.org\/formacio\/files\/2020\/03\/Fitxes-5.pdf\">Fitxes 5A <\/a>\/ <a href=\"http:\/\/blogs.escolacristiana.org\/formacio\/files\/2020\/03\/LAMINAS_VELEDA_EI_05.pdf\">Laminas veleda 05<\/a>\u00a0 <\/strong><em>&#8211; Edeb\u00e9<\/em><\/p>\n<p><strong>\u25b8\u00a0Ludi&amp;Ludilletres. \u00c0udios i lletres de can\u00e7ons\u00a0 <a href=\"https:\/\/drive.google.com\/drive\/folders\/1V7szBWtJPILCaM_-u73qaiL1eWKIzbI3\">P3<\/a> \/ <a href=\"https:\/\/drive.google.com\/drive\/folders\/1V7szBWtJPILCaM_-u73qaiL1eWKIzbI3\">P4<\/a> \/ <a href=\"https:\/\/drive.google.com\/drive\/folders\/1V7szBWtJPILCaM_-u73qaiL1eWKIzbI3\">P5<\/a><\/strong><a href=\"https:\/\/drive.google.com\/drive\/folders\/1V7szBWtJPILCaM_-u73qaiL1eWKIzbI3\">\u00a0<\/a><em>&#8211; Tekman<\/em><\/p>\n<p><strong>\u25b8 Ludi&amp;Ludilletres. Tra\u00e7 o escriptura <a href=\"http:\/\/blogs.escolacristiana.org\/formacio\/files\/2020\/03\/Tra\u00e7alletres-Ludi-P3.pdf\">P3<\/a> \/ <a href=\"http:\/\/blogs.escolacristiana.org\/formacio\/files\/2020\/03\/Tra\u00e7alletres-Ludi-P4.pdf\">P4<\/a> \/<a href=\"http:\/\/blogs.escolacristiana.org\/formacio\/files\/2020\/03\/Tra\u00e7alletres-Ludi-P5.pdf\"> P5<\/a><\/strong><a href=\"http:\/\/blogs.escolacristiana.org\/formacio\/files\/2020\/03\/Tra\u00e7alletres-Ludi-P5.pdf\">\u00a0<\/a><em>&#8211; Tekman<\/em><\/p>\n<p><strong>\u25b8 Ludi&amp;Ludilletres. Endevinalles, poemes i embarbussaments\u00a0 <a href=\"http:\/\/blogs.escolacristiana.org\/formacio\/files\/2020\/03\/Endevinalles-i-poemes-P4.pdf\">P4<\/a> \/ <a href=\"http:\/\/blogs.escolacristiana.org\/formacio\/files\/2020\/03\/Endevinalles-poemes-i-embarbussaments-P5.pdf\">P5<\/a><\/strong>\u00a0<em>&#8211; Tekman<\/em><\/p>\n<p><strong>\u25b8 <a href=\"http:\/\/blogs.escolacristiana.org\/formacio\/files\/2020\/03\/adivina-qui\u00e9n-P5.pdf\">Twinkl activitats P5 &#8220;Adivina qui\u00e9n&#8221; <\/a><\/strong><em>&#8211; Departament TIC (FECC)<\/em><\/p>\n<p><strong>\u25b8 <a href=\"http:\/\/blogs.escolacristiana.org\/formacio\/files\/2020\/03\/cuadernillo-de-actividades-de-suma-y-resta-P5.pdf\">Twinkl cuadernillo de actividades de suma y resta P5 <\/a><\/strong><em>&#8211; Departament TIC (FECC)<\/em><\/p>\n<p><strong>\u25b8 <a href=\"http:\/\/blogs.escolacristiana.org\/formacio\/files\/2020\/03\/sudoku-de-formas-P5.pdf\">Twinkl sudoku de formas P5 <\/a><\/strong><em>&#8211; Departament TIC (FECC)<\/em><\/p>\n<p><strong>\u25b8 <a href=\"https:\/\/innovamat.com\/blog\/ca\/recursos\/families\/recursos-dinfantil\/\">Innovamath \/ Confimaths<\/a>, <\/strong>materials per treballar matem\u00e0tiques <em>&#8211; Col\u00b7legi Mare de D\u00e9u de Montserrat<\/em><\/p>\n<p><strong>\u25b8 <a href=\"http:\/\/blogs.escolacristiana.org\/formacio\/files\/2020\/04\/ORIENTACIONS-ATELIER-P5.pdf\">Orientacions Atelier P5 <\/a><\/strong><em>&#8211; Pare Manyanet &#8211; Les Corts (BCN)<\/em><\/p>\n<p>&nbsp;<\/p>\n<\/div><div class=\"nav fusion-mobile-tab-nav\"><ul class=\"nav-tabs\"><li><a class=\"tab-link\" data-toggle=\"tab\" id=\"mobile-fusion-tab-totselsnivells\" href=\"#tab-77aa51996fc7bb8df0b\"><h4 class=\"fusion-tab-heading\">TOTS ELS NIVELLS<\/h4><\/a><\/li><\/ul><\/div><div class=\"tab-pane fade fusion-clearfix\" id=\"tab-77aa51996fc7bb8df0b\">\n<p>\u25b8<strong>\u00a0<a title=\"https:\/\/info.tekmaneducation.com\/hubfs\/Cyberclick-EMAT-CAT\/2_EMAT_CAT\/2_EMAT_HISTORIESPERPENSAR_CAT.pdf?utm_source=landing&amp;utm_medium=ematacasa&amp;utm_campaign=descarrega&amp;hsLang=en\" href=\"https:\/\/www.ara.cat\/societat\/conte-del-coronavirus_0_2417158413.html\">El conte del Coronavirus\u00a0<\/a><\/strong><\/p>\n<p>\u25b8 <a href=\"https:\/\/www.youtube.com\/watch?v=MI1S5rM0ou0\"><strong>Yoguic: ioga amb nens\/es <\/strong><\/a><em>&#8211; <\/em><em>Verge de la Salut de Sant Feliu de Llobregat<\/em><\/p>\n<p>\u25b8\u00a0<a href=\"http:\/\/blogs.escolacristiana.org\/formacio\/files\/2020\/03\/Activitat-joemquedoacasa.pdf\"><strong>Activitat #joemquedoacasa <\/strong><\/a><em>&#8211; <\/em><em>Mary Ward de Barcelona<\/em><\/p>\n<p>\u25b8\u00a0<a href=\"http:\/\/blogs.escolacristiana.org\/formacio\/files\/2020\/03\/RECEPTES-EN-ALEMANY-ESCOLA-MARY-WARD-BARCELONA.pdf\"><strong>Receptes en alemany <\/strong><\/a><em>&#8211; <\/em><em>Mary Ward de Barcelona<\/em><\/p>\n<p>\u25b8\u00a0<a href=\"http:\/\/blogs.escolacristiana.org\/formacio\/files\/2020\/03\/EXPERIMENTACIO-I-TRANSVASSAMENTS-LLAR-DINFANTS-ESCOLA-MARY-WARD-BARCELONA.pdf\"><strong>Experimentaci\u00f3 i trasvassaments <\/strong><\/a><em>&#8211; <\/em><em>Mary Ward de Barcelona<\/em><\/p>\n<p>\u25b8\u00a0<strong><a href=\"https:\/\/blogs.20minutos.es\/madrereciente\/2020\/03\/13\/estais-teletrabajando-con-ninos-pequenos-todos-los-dias-a-las-11-una-de-las-mejores-cuentacuentos-los-entretiene-gratis-desde-instagram-telocuentoendirecto\/\">Conta-contes per a infants cada dia a\u00a0 les 11 del mat\u00ed a Instragram<\/a><\/strong><\/p>\n<p>\u25b8<a href=\"https:\/\/www.amconews.es\/homeschooling-byamco\/\"><strong> Homeschooling by AMCO <\/strong><\/a><strong>(AMCO)<\/strong><\/p>\n<p>\u25b8\u00a0<a href=\"https:\/\/www.bible.com\/es\/kids\"><strong>La Biblia App<\/strong><\/a><strong>\u00a0<\/strong><em>&#8211; <\/em><em>Verge de la Salut de Sant Feliu de Llobregat<\/em><\/p>\n<p>\u25b8\u00a0<a href=\"https:\/\/es.calameo.com\/read\/00618849788e0f23b68c7\"><strong>Conte &#8220;En Pocoy\u00f3 lluita contra el covid-19&#8221; per nens amb TEA <\/strong><\/a><strong>(Autora: Cristina Usero)\u00a0<\/strong><em>&#8211; <\/em><em>Verge de la Salut de Sant Feliu de Llobregat<\/em><\/p>\n<p><strong>\u25b8 <a href=\"https:\/\/www.tekmaneducation.com\/ca\/blog\/2020\/03\/18\/ioga-des-de-casa\/?utm_referrer=https%3A%2F%2Fwww.tekmaneducation.com%2Fca%2Fblog%2F2020%2F03%2F23%2Factivitats-casa-confinament%2F%3Futm_campaign%3Dcovid19%26utm_source%3Dhs_email%26utm_medium%3Demail%26utm_content%3D85290403%26_hsenc%3Dp2ANqtz-_5NKJCpDCxjz2t7SKIO0O5XClDw2cjdW5dz4US_PnkYY4ukVVLHmv3iUzht9oFNq4UZV6PKnWr9MaJ9rZXcdxFcAC_KA%26_hsmi%3D85290403\">Ioga des de casa<\/a><\/strong>\u00a0<em>&#8211; Tekman Education<\/em><\/p>\n<p><strong>\u25b8\u00a0<a href=\"http:\/\/blogs.escolacristiana.org\/formacio\/files\/2020\/03\/tot-anir\u00e0-b\u00e9.pdf\">Poesia &#8220;Tot anir\u00e0 B\u00c9&#8221;<\/a><\/strong>\u00a0<em>&#8211; Col\u00b7laborador FECC (Ra\u00fcl Ben\u00e9itez)<\/em><\/p>\n<\/div><\/div><\/div><div class=\"fusion-clearfix\"><\/div>\n\n\t\t\t\t\t<\/div>\n\t\t\t\t<\/div><\/div><\/div>\n","protected":false},"excerpt":{"rendered":"<p>Material per alumnes d&#8217;EDUCACI\u00d3 INFANTIL &nbsp;<\/p>\n","protected":false},"author":14,"featured_media":0,"parent":0,"menu_order":0,"comment_status":"closed","ping_status":"closed","template":"","meta":{"footnotes":""},"_links":{"self":[{"href":"http:\/\/blogs.escolacristiana.org\/formacio\/wp-json\/wp\/v2\/pages\/3074"}],"collection":[{"href":"http:\/\/blogs.escolacristiana.org\/formacio\/wp-json\/wp\/v2\/pages"}],"about":[{"href":"http:\/\/blogs.escolacristiana.org\/formacio\/wp-json\/wp\/v2\/types\/page"}],"author":[{"embeddable":true,"href":"http:\/\/blogs.escolacristiana.org\/formacio\/wp-json\/wp\/v2\/users\/14"}],"replies":[{"embeddable":true,"href":"http:\/\/blogs.escolacristiana.org\/formacio\/wp-json\/wp\/v2\/comments?post=3074"}],"version-history":[{"count":31,"href":"http:\/\/blogs.escolacristiana.org\/formacio\/wp-json\/wp\/v2\/pages\/3074\/revisions"}],"predecessor-version":[{"id":3665,"href":"http:\/\/blogs.escolacristiana.org\/formacio\/wp-json\/wp\/v2\/pages\/3074\/revisions\/3665"}],"wp:attachment":[{"href":"http:\/\/blogs.escolacristiana.org\/formacio\/wp-json\/wp\/v2\/media?parent=3074"}],"curies":[{"name":"wp","href":"https:\/\/api.w.org\/{rel}","templated":true}]}}