{"id":3164,"date":"2020-03-19T10:03:43","date_gmt":"2020-03-19T09:03:43","guid":{"rendered":"http:\/\/blogs.escolacristiana.org\/formacio\/?page_id=3164"},"modified":"2020-05-27T11:03:29","modified_gmt":"2020-05-27T10:03:29","slug":"serveis-de-les-editorials-pel-covid-19","status":"publish","type":"page","link":"http:\/\/blogs.escolacristiana.org\/formacio\/serveis-de-les-editorials-pel-covid-19\/","title":{"rendered":"Serveis de les editorials pel COVID-19"},"content":{"rendered":"<h2><strong>Serveis de les editorials pel COVID-19<\/strong><\/h2>\n<p>&nbsp;<\/p>\n<div class=\"fusion-fullwidth fullwidth-box fusion-builder-row-1 nonhundred-percent-fullwidth non-hundred-percent-height-scrolling\"  style='background-color: rgba(255,255,255,0);background-position: center center;background-repeat: no-repeat;padding-top:0px;padding-right:0px;padding-bottom:0px;padding-left:0px;'><div class=\"fusion-builder-row fusion-row \"><div  class=\"fusion-layout-column fusion_builder_column fusion_builder_column_1_1 fusion-builder-column-1 fusion-one-full fusion-column-first fusion-column-last 1_1\"  style='margin-top:0px;margin-bottom:0px;'>\n\t\t\t\t\t<div class=\"fusion-column-wrapper\" style=\"padding: 0px 0px 0px 0px;background-position:left top;background-repeat:no-repeat;-webkit-background-size:cover;-moz-background-size:cover;-o-background-size:cover;background-size:cover;\"   data-bg-url=\"\">\n\t\t\t\t\t\t<div class=\"fusion-tabs fusion-tabs-1 clean vertical-tabs icon-position-left\"><style type=\"text\/css\">#wrapper .fusion-tabs.fusion-tabs-1.clean .nav-tabs li a.tab-link{border-color:#ebeaea;}.fusion-tabs.fusion-tabs-1 .nav-tabs li a.tab-link{background-color:rgba(137,0,6,0.08);}.fusion-tabs.fusion-tabs-1 .nav-tabs li.active a.tab-link,.fusion-tabs.fusion-tabs-1 .nav-tabs li.active a.tab-link:hover,.fusion-tabs.fusion-tabs-1 .nav-tabs li.active a.tab-link:focus{background-color:rgba(137,0,6,0.34);}.fusion-tabs.fusion-tabs-1 .nav-tabs li a:hover{background-color:rgba(137,0,6,0.34);border-top-color:rgba(137,0,6,0.34);}.fusion-tabs.fusion-tabs-1 .tab-pane{background-color:rgba(137,0,6,0.34);}.fusion-tabs.fusion-tabs-1 .nav,.fusion-tabs.fusion-tabs-1 .nav-tabs,.fusion-tabs.fusion-tabs-1 .tab-content .tab-pane{border-color:#ebeaea;}<\/style><div class=\"nav\"><ul class=\"nav-tabs\"><li class=\"active\"><a class=\"tab-link\" data-toggle=\"tab\" id=\"fusion-tab-baula\" href=\"#tab-f456cb69952f7dbb526\"><h4 class=\"fusion-tab-heading\">BAULA<\/h4><\/a><\/li><li><a class=\"tab-link\" data-toggle=\"tab\" id=\"fusion-tab-edeb\u00c9\" href=\"#tab-b0fd68128cb16967d85\"><h4 class=\"fusion-tab-heading\">EDEB\u00c9<\/h4><\/a><\/li><li><a class=\"tab-link\" data-toggle=\"tab\" id=\"fusion-tab-edicionscavallfort\" href=\"#tab-0355a818f7145dbb841\"><h4 class=\"fusion-tab-heading\">EDICIONS CAVALL FORT<\/h4><\/a><\/li><li><a class=\"tab-link\" data-toggle=\"tab\" id=\"fusion-tab-editorialbarcanova\" href=\"#tab-3a409a6cf51c6e1ae59\"><h4 class=\"fusion-tab-heading\">EDITORIAL BARCANOVA<\/h4><\/a><\/li><li><a class=\"tab-link\" data-toggle=\"tab\" id=\"fusion-tab-editorialmediterr\u00c0nia\" href=\"#tab-25f39c4af62bfabe2dd\"><h4 class=\"fusion-tab-heading\">EDITORIAL MEDITERR\u00c0NIA<\/h4><\/a><\/li><li><a class=\"tab-link\" data-toggle=\"tab\" id=\"fusion-tab-namaka\" href=\"#tab-11793b545654c482297\"><h4 class=\"fusion-tab-heading\">NAMAKA<\/h4><\/a><\/li><li><a class=\"tab-link\" data-toggle=\"tab\" id=\"fusion-tab-macmillan\" href=\"#tab-65da172bbf71c571214\"><h4 class=\"fusion-tab-heading\">MACMILLAN<\/h4><\/a><\/li><li><a class=\"tab-link\" data-toggle=\"tab\" id=\"fusion-tab-revistas\u00c0piens\" href=\"#tab-47afc862a7a7ede938b\"><h4 class=\"fusion-tab-heading\">REVISTA S\u00c0PIENS<\/h4><\/a><\/li><li><a class=\"tab-link\" data-toggle=\"tab\" id=\"fusion-tab-santillana\" href=\"#tab-88785013b0f15581ad0\"><h4 class=\"fusion-tab-heading\">SANTILLANA<\/h4><\/a><\/li><li><a class=\"tab-link\" data-toggle=\"tab\" id=\"fusion-tab-tekmanbooks\" href=\"#tab-7b9cf11ab810bd67001\"><h4 class=\"fusion-tab-heading\">TEKMAN BOOKS<\/h4><\/a><\/li><li><a class=\"tab-link\" data-toggle=\"tab\" id=\"fusion-tab-vicensvives\" href=\"#tab-da71c76dd1e0be4b950\"><h4 class=\"fusion-tab-heading\">VICENS VIVES<\/h4><\/a><\/li><\/ul><\/div><div class=\"tab-content\"><div class=\"nav fusion-mobile-tab-nav\"><ul class=\"nav-tabs\"><li class=\"active\"><a class=\"tab-link\" data-toggle=\"tab\" id=\"mobile-fusion-tab-baula\" href=\"#tab-f456cb69952f7dbb526\"><h4 class=\"fusion-tab-heading\">BAULA<\/h4><\/a><\/li><\/ul><\/div><div class=\"tab-pane fade fusion-clearfix in active\" id=\"tab-f456cb69952f7dbb526\">\n<p><a href=\"http:\/\/blogs.escolacristiana.org\/formacio\/files\/2020\/03\/BAULA.png\"><img loading=\"lazy\" decoding=\"async\" class=\"size-full wp-image-3226 alignnone\" src=\"http:\/\/blogs.escolacristiana.org\/formacio\/files\/2020\/03\/BAULA.png\" alt=\"\" width=\"266\" height=\"49\" srcset=\"http:\/\/blogs.escolacristiana.org\/formacio\/files\/2020\/03\/BAULA-200x37.png 200w, http:\/\/blogs.escolacristiana.org\/formacio\/files\/2020\/03\/BAULA.png 266w\" sizes=\"(max-width: 266px) 100vw, 266px\" \/><\/a><\/p>\n<p>\u25b8 <span lang=\"CA\"><strong>Acc\u00e9s gratu\u00eft fins al mes de juliol als nostres recursos digitals de l&#8217;\u00e0rea de Religi\u00f3 de Prim\u00e0ria<\/strong>. Acc\u00e9s al llibre digital de la nostra proposta de Religi\u00f3 per Prim\u00e0ria<\/span>\u00a0<a href=\"http:\/\/baula.com\/material-educatiu\/primaria\/material-complementari-primaria\/religio-catolica-material-complementari-primaria\/religio-catolica-apape-primaria\/\"><strong> \u00c0GAPE<\/strong><\/a> <em>&#8211;\u00a0 <span lang=\"CA\">P<\/span><span lang=\"CA\">odeu posar-vos en contacte amb nosaltres a trav\u00e9s de l\u2019email <\/span><span lang=\"CA\"><a target=\"_blank\" rel=\"noopener noreferrer\"><b>experienciacliente@edelvives.es<\/b><\/a><\/span><span lang=\"CA\"> i us atendrem personalment per concretar-ho.<\/span><\/em><\/p>\n<p>\u25b8\u00a0<span lang=\"CA\"><strong>Acc\u00e9s gratu\u00eft a l&#8217;enlla\u00e7 del blog de CatalunyaReligi\u00f3 amb materials per treballar la Biblia amb els infants<\/strong>,\u00a0amb propostes de treball espec\u00edfiques per edats, de 5 fins a 11 anys:<\/span>\u00a0<a href=\"https:\/\/www.catalunyareligio.cat\/ca\/blog\/biblia-escola\"><strong> B\u00cdBLIA I ESCOLA<\/strong><\/a><\/p>\n<p>\u25b8 <span lang=\"CA\"><strong>Presentaci\u00f3 virtual dels nostres productes i propostes de religi\u00f3<\/strong> a trav\u00e9s de videoconferencia o tel\u00e8fon<\/span><span lang=\"CA\">: <em><strong><a target=\"_blank\" rel=\"noopener noreferrer\">josepmaria.nonay@baula.com<\/a><\/strong><\/em>\u00a0\/ <em><strong>671494834<\/strong><\/em><\/span><\/p>\n<p>\u25b8 <span lang=\"CA\">Proposta formativa per<strong> mestres i professors de Religi\u00f3: <a href=\"https:\/\/institutodafamilia.es\/h29\/\"><b>+H29, la Hist\u00f2ria continua<\/b>\u00a0<\/a><\/strong><\/span><\/p>\n<p>\u25b8 <span lang=\"CA\">Proposta formativa per<strong> pares i mares: <a href=\"https:\/\/universidaddepadres.es\/\"><b>La Universidad de Padres<\/b><\/a><\/strong><\/span><\/p>\n<p>&nbsp;<\/p>\n<h3>CONTINGUTS FORMATIUS GRATU\u00cfTS<\/h3>\n<p><span lang=\"CA\">Reforcem setmanalment els continguts formatius gratu\u00efts oberts a totes les fam\u00edlies i docents i que emetrem a trav\u00e9s de webinars, ebooks, entrevistes, posts amb convidats, etc \u2026<\/span><\/p>\n<p>M\u00e9s informaci\u00f3n a:<\/p>\n<p>\u25b8 <a href=\"http:\/\/baula.com\/\" target=\"_blank\" rel=\"noopener noreferrer\"><strong>baula.com\/<\/strong><\/a><\/p>\n<p>\u25b8 <strong><a href=\"https:\/\/www.fundacionedelvives.org\/es\/index\" target=\"_blank\" rel=\"noopener noreferrer\">www.fundacionedelvives.org\/es\/index<\/a><\/strong><\/p>\n<p>&nbsp;<\/p>\n<\/div><div class=\"nav fusion-mobile-tab-nav\"><ul class=\"nav-tabs\"><li><a class=\"tab-link\" data-toggle=\"tab\" id=\"mobile-fusion-tab-edeb\u00c9\" href=\"#tab-b0fd68128cb16967d85\"><h4 class=\"fusion-tab-heading\">EDEB\u00c9<\/h4><\/a><\/li><\/ul><\/div><div class=\"tab-pane fade fusion-clearfix\" id=\"tab-b0fd68128cb16967d85\">\n<p><a href=\"http:\/\/blogs.escolacristiana.org\/formacio\/files\/2020\/03\/EDEBE.png\"><img loading=\"lazy\" decoding=\"async\" class=\"wp-image-3236 alignnone\" src=\"http:\/\/blogs.escolacristiana.org\/formacio\/files\/2020\/03\/EDEBE.png\" alt=\"\" width=\"212\" height=\"74\" srcset=\"http:\/\/blogs.escolacristiana.org\/formacio\/files\/2020\/03\/EDEBE-200x70.png 200w, http:\/\/blogs.escolacristiana.org\/formacio\/files\/2020\/03\/EDEBE-300x105.png 300w, http:\/\/blogs.escolacristiana.org\/formacio\/files\/2020\/03\/EDEBE-400x140.png 400w, http:\/\/blogs.escolacristiana.org\/formacio\/files\/2020\/03\/EDEBE.png 432w\" sizes=\"(max-width: 212px) 100vw, 212px\" \/><\/a><\/p>\n<p>El tancament temporal dels centres d&#8217;educaci\u00f3 fa m\u00e9s necessari que mai l&#8217;\u00fas de les eines digitals, una alternativa que permet seguir educant des de casa gr\u00e0cies a la formaci\u00f3 en l\u00ednia.<\/p>\n<p>En aquests moments tan complicats, volem estar al teu costat per ajudar-te. <strong>T&#8217;oferim de forma gratu\u00efta fins al juliol la nostra \u00e0mplia oferta d&#8217;eines i solucions especialment dissenyades per cobrir totes les necessitats de la comunitat educativa<\/strong>.<\/p>\n<p><a href=\"http:\/\/blogs.escolacristiana.org\/formacio\/files\/2020\/03\/edeb\u00e9-Educando-desde-casa.png\"><img loading=\"lazy\" decoding=\"async\" class=\"aligncenter size-full wp-image-3235\" src=\"http:\/\/blogs.escolacristiana.org\/formacio\/files\/2020\/03\/edeb\u00e9-Educando-desde-casa.png\" alt=\"\" width=\"900\" height=\"186\" srcset=\"http:\/\/blogs.escolacristiana.org\/formacio\/files\/2020\/03\/edeb\u00e9-Educando-desde-casa-200x41.png 200w, http:\/\/blogs.escolacristiana.org\/formacio\/files\/2020\/03\/edeb\u00e9-Educando-desde-casa-300x62.png 300w, http:\/\/blogs.escolacristiana.org\/formacio\/files\/2020\/03\/edeb\u00e9-Educando-desde-casa-400x83.png 400w, http:\/\/blogs.escolacristiana.org\/formacio\/files\/2020\/03\/edeb\u00e9-Educando-desde-casa-600x124.png 600w, http:\/\/blogs.escolacristiana.org\/formacio\/files\/2020\/03\/edeb\u00e9-Educando-desde-casa-768x159.png 768w, http:\/\/blogs.escolacristiana.org\/formacio\/files\/2020\/03\/edeb\u00e9-Educando-desde-casa-800x165.png 800w, http:\/\/blogs.escolacristiana.org\/formacio\/files\/2020\/03\/edeb\u00e9-Educando-desde-casa.png 900w\" sizes=\"(max-width: 900px) 100vw, 900px\" \/><\/a><\/p>\n<p>En el nostre comunicat teniu detallada l&#8217;oferta i tot el proc\u00e9s d&#8217;acompanyament, desitjant que sigui del teu inter\u00e8s i contactis amb nosaltres.<\/p>\n<p><a href=\"http:\/\/blogs.escolacristiana.org\/formacio\/files\/2020\/03\/Comunicat-edeb\u00e9-a-la-comunitat-educativa-davant-la-crisis-del-coronavirus.pdf\"><strong>COMUNICAT EDEB\u00c9<\/strong><\/a><\/p>\n<p>&nbsp;<\/p>\n<p>&nbsp;<\/p>\n<\/div><div class=\"nav fusion-mobile-tab-nav\"><ul class=\"nav-tabs\"><li><a class=\"tab-link\" data-toggle=\"tab\" id=\"mobile-fusion-tab-edicionscavallfort\" href=\"#tab-0355a818f7145dbb841\"><h4 class=\"fusion-tab-heading\">EDICIONS CAVALL FORT<\/h4><\/a><\/li><\/ul><\/div><div class=\"tab-pane fade fusion-clearfix\" id=\"tab-0355a818f7145dbb841\">\n<p><a href=\"http:\/\/blogs.escolacristiana.org\/formacio\/files\/2020\/03\/edicions-Cavall-Fort.jpg\"><img loading=\"lazy\" decoding=\"async\" class=\" wp-image-3461 alignnone\" src=\"http:\/\/blogs.escolacristiana.org\/formacio\/files\/2020\/03\/edicions-Cavall-Fort.jpg\" alt=\"\" width=\"325\" height=\"104\" srcset=\"http:\/\/blogs.escolacristiana.org\/formacio\/files\/2020\/03\/edicions-Cavall-Fort-200x64.jpg 200w, http:\/\/blogs.escolacristiana.org\/formacio\/files\/2020\/03\/edicions-Cavall-Fort-300x96.jpg 300w, http:\/\/blogs.escolacristiana.org\/formacio\/files\/2020\/03\/edicions-Cavall-Fort-400x128.jpg 400w, http:\/\/blogs.escolacristiana.org\/formacio\/files\/2020\/03\/edicions-Cavall-Fort.jpg 481w\" sizes=\"(max-width: 325px) 100vw, 325px\" \/><\/a><\/p>\n<p>Ei, valents! Com porteu el confinament?<\/p>\n<p>S\u00ed, sabem que cansa molt\u00edssim, aix\u00f2 de quedar-se taaants dies tancats a casa i no poder sortir al carrer\u2026 Per\u00f2 ho hem de fer per a protegir-nos i protegir els altres. No volem que el coronavirus s\u2019escampi!<\/p>\n<p>Per tal de fer que aquesta situaci\u00f3 tan excepcional sigui una mica m\u00e9s entretinguda, a <strong>Cavall Fort i El Tatano hem preparat edicions especials de les revistes per a llegir en l\u00ednia i un recull d\u2019activitats que podeu anar fent aquests dies<\/strong>. Hi trobareu <strong>jocs, manualitats, experiments, receptes de cuina\u2026<\/strong> Us podreu descarregar els pdfs lliurement i fer totes aquestes activitats a casa.<\/p>\n<p>Pareu molta atenci\u00f3, perqu\u00e8 cada dia penjarem alguna proposta nova!<\/p>\n<p>Aneu a la seva p\u00e0gina web: <strong><a href=\"https:\/\/cavallfort.cat\/jo-em-quedo-a-casa\/\">https:\/\/cavallfort.cat\/jo-em-quedo-a-casa\/<\/a><\/strong><\/p>\n<p>&nbsp;<\/p>\n<\/div><div class=\"nav fusion-mobile-tab-nav\"><ul class=\"nav-tabs\"><li><a class=\"tab-link\" data-toggle=\"tab\" id=\"mobile-fusion-tab-editorialbarcanova\" href=\"#tab-3a409a6cf51c6e1ae59\"><h4 class=\"fusion-tab-heading\">EDITORIAL BARCANOVA<\/h4><\/a><\/li><\/ul><\/div><div class=\"tab-pane fade fusion-clearfix\" id=\"tab-3a409a6cf51c6e1ae59\">\n<p><a href=\"http:\/\/blogs.escolacristiana.org\/formacio\/files\/2020\/03\/Editorial-Barcanova.jpg\"><img loading=\"lazy\" decoding=\"async\" class=\" wp-image-3472 alignnone\" src=\"http:\/\/blogs.escolacristiana.org\/formacio\/files\/2020\/03\/Editorial-Barcanova.jpg\" alt=\"\" width=\"285\" height=\"95\" srcset=\"http:\/\/blogs.escolacristiana.org\/formacio\/files\/2020\/03\/Editorial-Barcanova-200x67.jpg 200w, http:\/\/blogs.escolacristiana.org\/formacio\/files\/2020\/03\/Editorial-Barcanova-300x100.jpg 300w, http:\/\/blogs.escolacristiana.org\/formacio\/files\/2020\/03\/Editorial-Barcanova-400x133.jpg 400w, http:\/\/blogs.escolacristiana.org\/formacio\/files\/2020\/03\/Editorial-Barcanova.jpg 435w\" sizes=\"(max-width: 285px) 100vw, 285px\" \/><\/a><\/p>\n<p>Benvolgudes i benvolguts,<\/p>\n<p>A Editorial Barcanova, conscients de la situaci\u00f3 excepcional que estem vivint, volem posar al vostre abast tot all\u00f2 que necessiteu, sense cap cost.<br \/>\n\u00c9s per aix\u00f2 que us oferim tots aquells recursos dels que disposem per a ajudar-vos en la vostra tasca. Disposeu de materials com:<\/p>\n<p>\u25b8\u00a0<strong>Llic\u00e8ncies digitals<\/strong> (tant per professor com per alumnes), <strong>amb activitats autocorrectives<\/strong>, que deixen tra\u00e7abilitat i per tant pots fer seguiment dels alumnes, <strong>gammificaci\u00f3, jocs, m\u00fasica, etc.<\/strong><br \/>\nRecordeu que, aquells que ja disposeu de les llic\u00e8ncies, podeu treballar on-line mitjan\u00e7ant la plataforma <strong>Blinklearning<\/strong> i tamb\u00e9 per mitj\u00e0 de <strong>Click-edu<\/strong>.<br \/>\nRecursos com:<br \/>\n<strong>\u25b8 Activitats de refor\u00e7 i ampliaci\u00f3<\/strong><br \/>\n<strong>\u25b8 Activitats d&#8217;avaluaci\u00f3<\/strong><br \/>\n<strong>\u25b8 Guies d&#8217;aula<\/strong><br \/>\n<strong>\u25b8 Esquemes i mapes conceptuals<\/strong><br \/>\n<strong>\u25b8 R\u00fabriques i dianes d&#8217;avaluaci\u00f3<\/strong><br \/>\nA tots aquests recursos <strong>podeu accedir-hi a trav\u00e9s de l&#8217;Espai personal del <a href=\"http:\/\/barcanova.acblnk.com\/url\/ver\/45457086\/IWlv2kMANqZyluvEq5lRYUX\/13e49d3d952569425ff3bfb603e39822\">web de Barcanova<\/a><\/strong>.<\/p>\n<p>Us animem a <strong>escriure&#8217;ns per demanar tot all\u00f2 que us calgui<\/strong> per tal que aquesta situaci\u00f3 sigui el menys complicada possible per a totes i tots, docents i alumnes.<\/p>\n<p>Setmana a setmana anirem actualitzant continguts a les diverses webs per tal que estigueu permanentment informats.<\/p>\n<p>Restem al vostre servei!<\/p>\n<p>&nbsp;<\/p>\n<p>&nbsp;<\/p>\n<\/div><div class=\"nav fusion-mobile-tab-nav\"><ul class=\"nav-tabs\"><li><a class=\"tab-link\" data-toggle=\"tab\" id=\"mobile-fusion-tab-editorialmediterr\u00c0nia\" href=\"#tab-25f39c4af62bfabe2dd\"><h4 class=\"fusion-tab-heading\">EDITORIAL MEDITERR\u00c0NIA<\/h4><\/a><\/li><\/ul><\/div><div class=\"tab-pane fade fusion-clearfix\" id=\"tab-25f39c4af62bfabe2dd\">\n<p><a href=\"http:\/\/blogs.escolacristiana.org\/formacio\/files\/2020\/03\/logo-editorial-Mediterr\u00e0nia.png\"><img loading=\"lazy\" decoding=\"async\" class=\"wp-image-3381 alignnone\" src=\"http:\/\/blogs.escolacristiana.org\/formacio\/files\/2020\/03\/logo-editorial-Mediterr\u00e0nia.png\" alt=\"\" width=\"300\" height=\"75\" srcset=\"http:\/\/blogs.escolacristiana.org\/formacio\/files\/2020\/03\/logo-editorial-Mediterr\u00e0nia-200x50.png 200w, http:\/\/blogs.escolacristiana.org\/formacio\/files\/2020\/03\/logo-editorial-Mediterr\u00e0nia-300x75.png 300w, http:\/\/blogs.escolacristiana.org\/formacio\/files\/2020\/03\/logo-editorial-Mediterr\u00e0nia-400x100.png 400w, http:\/\/blogs.escolacristiana.org\/formacio\/files\/2020\/03\/logo-editorial-Mediterr\u00e0nia.png 600w\" sizes=\"(max-width: 300px) 100vw, 300px\" \/><\/a><\/p>\n<p>&nbsp;<\/p>\n<p>\u25b8 <span lang=\"CA\">Desc\u00e0rrega gratu\u00efta del llibre per pintar<strong> &#8220;<a href=\"https:\/\/mailchi.mp\/011d9b24b748\/pintemherbesiplantes\">Herbes i Plantes 3<\/a>&#8220;<\/strong><\/span><\/p>\n<p>&nbsp;<\/p>\n<\/div><div class=\"nav fusion-mobile-tab-nav\"><ul class=\"nav-tabs\"><li><a class=\"tab-link\" data-toggle=\"tab\" id=\"mobile-fusion-tab-namaka\" href=\"#tab-11793b545654c482297\"><h4 class=\"fusion-tab-heading\">NAMAKA<\/h4><\/a><\/li><\/ul><\/div><div class=\"tab-pane fade fusion-clearfix\" id=\"tab-11793b545654c482297\">\n<p><a href=\"http:\/\/blogs.escolacristiana.org\/formacio\/files\/2020\/03\/NAMAKA_logotipo.png\"><img loading=\"lazy\" decoding=\"async\" class=\"wp-image-3441 alignnone\" src=\"http:\/\/blogs.escolacristiana.org\/formacio\/files\/2020\/03\/NAMAKA_logotipo.png\" alt=\"\" width=\"252\" height=\"64\" srcset=\"http:\/\/blogs.escolacristiana.org\/formacio\/files\/2020\/03\/NAMAKA_logotipo-200x51.png 200w, http:\/\/blogs.escolacristiana.org\/formacio\/files\/2020\/03\/NAMAKA_logotipo-300x76.png 300w, http:\/\/blogs.escolacristiana.org\/formacio\/files\/2020\/03\/NAMAKA_logotipo-400x101.png 400w, http:\/\/blogs.escolacristiana.org\/formacio\/files\/2020\/03\/NAMAKA_logotipo-600x152.png 600w, http:\/\/blogs.escolacristiana.org\/formacio\/files\/2020\/03\/NAMAKA_logotipo-768x195.png 768w, http:\/\/blogs.escolacristiana.org\/formacio\/files\/2020\/03\/NAMAKA_logotipo-800x203.png 800w, http:\/\/blogs.escolacristiana.org\/formacio\/files\/2020\/03\/NAMAKA_logotipo-1024x260.png 1024w, http:\/\/blogs.escolacristiana.org\/formacio\/files\/2020\/03\/NAMAKA_logotipo-1200x304.png 1200w, http:\/\/blogs.escolacristiana.org\/formacio\/files\/2020\/03\/NAMAKA_logotipo.png 3846w\" sizes=\"(max-width: 252px) 100vw, 252px\" \/><\/a><\/p>\n<p>&nbsp;<\/p>\n<p>Namaka \u00e9s una revista pensada per personetes intr\u00e8pides i curioses de 6 a 11 anys (Cicle de Prim\u00e0ria). Una proposta l\u00fadica que permet treballar les diferents \u00e0rees del coneixement a trav\u00e9s de les seccions de la publicaci\u00f3. <strong>A Namaka hi trobareu contes, poesia, jocs d&#8217;agudesa visual, propostes creatives, etc.<\/strong><\/p>\n<p>Cada revista parla d&#8217;un tema concret que es desplega a trav\u00e9s de les diferents seccions. Namaka \u00e9s una revista participativa on l&#8217;aprenentatge i el joc van de la m\u00e0. Una bona proposta per gaudir llegint durant aquests dies de confinament. De fet, l&#8217;equip que forma part d&#8217;aquest projecte ha decidit <strong>regalar la subscripci\u00f3 digital i TOTES les revistes publicades fins ara. Una acci\u00f3 que s&#8217;allargar\u00e0 fins que acabi el confinament.\u00a0<\/strong><\/p>\n<p>Per aconseguir la subscripci\u00f3 digital gratu\u00efta nom\u00e9s heu d&#8217;entrar al web<strong> <a href=\"http:\/\/www.revistanamaka.com\">www.revistanamaka.com<\/a><\/strong> i seleccionar el producte: Subscripci\u00f3 digital gratu\u00efta i seguir les instruccions.<\/p>\n<p>Gaudiu de la lectura, gaudiu de Namaka!<\/p>\n<p>&nbsp;<\/p>\n<\/div><div class=\"nav fusion-mobile-tab-nav\"><ul class=\"nav-tabs\"><li><a class=\"tab-link\" data-toggle=\"tab\" id=\"mobile-fusion-tab-macmillan\" href=\"#tab-65da172bbf71c571214\"><h4 class=\"fusion-tab-heading\">MACMILLAN<\/h4><\/a><\/li><\/ul><\/div><div class=\"tab-pane fade fusion-clearfix\" id=\"tab-65da172bbf71c571214\">\n<p><a href=\"http:\/\/blogs.escolacristiana.org\/formacio\/files\/2020\/03\/macmillan-education.jpg\"><img loading=\"lazy\" decoding=\"async\" class=\"alignnone wp-image-3450 \" src=\"http:\/\/blogs.escolacristiana.org\/formacio\/files\/2020\/03\/macmillan-education-e1585552275151.jpg\" alt=\"\" width=\"286\" height=\"94\" srcset=\"http:\/\/blogs.escolacristiana.org\/formacio\/files\/2020\/03\/macmillan-education-e1585552275151-200x66.jpg 200w, http:\/\/blogs.escolacristiana.org\/formacio\/files\/2020\/03\/macmillan-education-e1585552275151-300x99.jpg 300w, http:\/\/blogs.escolacristiana.org\/formacio\/files\/2020\/03\/macmillan-education-e1585552275151.jpg 307w\" sizes=\"(max-width: 286px) 100vw, 286px\" \/><\/a><\/p>\n<p><strong>ByME ofrece gratis acceso a 9000 recursos online<\/strong><\/p>\n<p>Durante los pr\u00f3ximos 3 meses, ByME ofrecer\u00e1, a toda la comunidad educativa,<strong> acceso gratuito Premium a Onestopenglish<\/strong>.com, una p\u00e1gina de recursos para los profesores de ingl\u00e9s, mundialmente conocida.<\/p>\n<p>La p\u00e1gina\u00a0<strong><a href=\"http:\/\/www.onestopenglish.com\/\" target=\"_blank\" rel=\"noopener noreferrer\">Onestopenglish.com<\/a><\/strong>, propiedad de Macmillan Education, lleva ya casi 20 a\u00f1os siendo el primer referente para la ense\u00f1anza de ingl\u00e9s, gracias a la <strong>enorme cantidad de los recursos para todas las etapas educativas que en total suman m\u00e1s de 9 000 entradas<\/strong>.<\/p>\n<p>A parte de la impresionante cantidad de recursos, Onestopenglish tambi\u00e9n es reconocida por la variedad de los recursos que aporta: <strong>fichas, videos, animaciones, quizzes, proyectos, experimentos, investigaciones etc\u2026<\/strong> Es dif\u00edcil pensar en alg\u00fan tipo de recurso para la ense\u00f1anza que no est\u00e9 ya incluido en esta p\u00e1gina.<\/p>\n<p>Adem\u00e1s, dentro de la p\u00e1gina, existe un <strong>apartado CLIL<\/strong>, espec\u00edficamente creado <strong>para apoyar a los profesores que ense\u00f1an contenidos en ingl\u00e9s, con un enfoque especial en Natural Science y Social Science<\/strong>.<\/p>\n<p>Jeremy Dieguez, director general de Macmillan Education ha destacado: <strong>\u00ab<em>Nuestra principal prioridad, en estos momentos llenos de retos, es seguir apoyando a la comunidad de docentes, alumnos y familias proporcion\u00e1ndoles todos los recursos y servicios que tenemos a nuestra disposici\u00f3n<\/em>\u00bb.<\/strong><\/p>\n<p>&nbsp;<\/p>\n<\/div><div class=\"nav fusion-mobile-tab-nav\"><ul class=\"nav-tabs\"><li><a class=\"tab-link\" data-toggle=\"tab\" id=\"mobile-fusion-tab-revistas\u00c0piens\" href=\"#tab-47afc862a7a7ede938b\"><h4 class=\"fusion-tab-heading\">REVISTA S\u00c0PIENS<\/h4><\/a><\/li><\/ul><\/div><div class=\"tab-pane fade fusion-clearfix\" id=\"tab-47afc862a7a7ede938b\">\n<p><a href=\"http:\/\/blogs.escolacristiana.org\/formacio\/files\/2020\/04\/petitsapiens.jpg\"><img loading=\"lazy\" decoding=\"async\" class=\"alignnone wp-image-3487 \" src=\"http:\/\/blogs.escolacristiana.org\/formacio\/files\/2020\/04\/petitsapiens-e1585754436190.jpg\" alt=\"\" width=\"434\" height=\"244\" srcset=\"http:\/\/blogs.escolacristiana.org\/formacio\/files\/2020\/04\/petitsapiens-e1585754436190-200x113.jpg 200w, http:\/\/blogs.escolacristiana.org\/formacio\/files\/2020\/04\/petitsapiens-e1585754436190-300x169.jpg 300w, http:\/\/blogs.escolacristiana.org\/formacio\/files\/2020\/04\/petitsapiens-e1585754436190-400x225.jpg 400w, http:\/\/blogs.escolacristiana.org\/formacio\/files\/2020\/04\/petitsapiens-e1585754436190-600x338.jpg 600w, http:\/\/blogs.escolacristiana.org\/formacio\/files\/2020\/04\/petitsapiens-e1585754436190-768x432.jpg 768w, http:\/\/blogs.escolacristiana.org\/formacio\/files\/2020\/04\/petitsapiens-e1585754436190.jpg 796w\" sizes=\"(max-width: 434px) 100vw, 434px\" \/><\/a><\/p>\n<p>Per fer m\u00e9s am\u00e8 el confinament, estem elaborant un <strong>butllet\u00ed gratu\u00eft amb continguts d&#8217;hist\u00f2ria per a petits i grans, #lahist\u00f2riaacasa,<\/strong> que enviem, di\u00e0riament, als usuaris registrats en el nostre newsletter.<\/p>\n<p>De la part Petit S\u00e0piens hi ha cada dia quatre coses: <strong>una not\u00edcia<\/strong> (normalment amb recursos en l\u00ednia),<strong> un joc de mots encreuats i dues peces il\u00b7lustrades sobre hist\u00f2ria, ci\u00e8ncia o natura<\/strong>. La inscripci\u00f3 \u00e9s lliure a: <strong><a href=\"http:\/\/sapiens.cat\/newsletter.html\">sapiens.cat\/newsletter.html<\/a><\/strong><\/p>\n<p><em>Teniu en exemple d&#8217;aquest butllet\u00ed <a href=\"https:\/\/www.sapiens.cat\/uploads\/newsletter\/2020\/03\/31\/5e7e1a74840bf.php?contactId=19384&amp;name=anovials%2540sapienspublicacions.cat&amp;lastname=anovials%2540sapienspublicacions.cat&amp;email=anovials%2540sapienspublicacions.cat&amp;unsubscribe_link=%2523&amp;display_html=%23&amp;token=Sr1XkgeQpiswb2ZuJGu821y0xaOfNi0UzTZykycoD5cTkUGsfHOYmvUwy%25252FWROin%25252F\">aqu\u00ed<\/a>.<\/em><\/p>\n<p>&nbsp;<\/p>\n<\/div><div class=\"nav fusion-mobile-tab-nav\"><ul class=\"nav-tabs\"><li><a class=\"tab-link\" data-toggle=\"tab\" id=\"mobile-fusion-tab-santillana\" href=\"#tab-88785013b0f15581ad0\"><h4 class=\"fusion-tab-heading\">SANTILLANA<\/h4><\/a><\/li><\/ul><\/div><div class=\"tab-pane fade fusion-clearfix\" id=\"tab-88785013b0f15581ad0\">\n<p><a href=\"http:\/\/blogs.escolacristiana.org\/formacio\/files\/2020\/03\/SANTILLANA.png\"><img loading=\"lazy\" decoding=\"async\" class=\"alignnone wp-image-3225 \" src=\"http:\/\/blogs.escolacristiana.org\/formacio\/files\/2020\/03\/SANTILLANA-e1584700228899.png\" alt=\"\" width=\"290\" height=\"116\" srcset=\"http:\/\/blogs.escolacristiana.org\/formacio\/files\/2020\/03\/SANTILLANA-e1584700228899-200x80.png 200w, http:\/\/blogs.escolacristiana.org\/formacio\/files\/2020\/03\/SANTILLANA-e1584700228899-300x120.png 300w, http:\/\/blogs.escolacristiana.org\/formacio\/files\/2020\/03\/SANTILLANA-e1584700228899-400x160.png 400w, http:\/\/blogs.escolacristiana.org\/formacio\/files\/2020\/03\/SANTILLANA-e1584700228899.png 409w\" sizes=\"(max-width: 290px) 100vw, 290px\" \/><\/a><\/p>\n<p>\u25b8 <span lang=\"CA\"><strong>Acc\u00e9s gratu\u00eft<\/strong> al nostre Univers Santillana:<a href=\"https:\/\/santillana.cat\/l-escola-a-casa\/\"><strong> L&#8217;ESCOLA A CASA<\/strong><\/a><\/span><\/p>\n<p>\u25b8 <span lang=\"CA\"><strong>Oferim a les mares i als pares continguts i consells vinculats amb l&#8217;estudi dels fills a casa<\/strong> (com es pot gestionar l&#8217;estr\u00e8s, l&#8217;ansietat, la falta de concentraci\u00f3\u2026):<a href=\"https:\/\/www.compartirenfamilia.com\/\"><strong> COMPARTIR EN FAM\u00cdLIA<\/strong><\/a><\/span><\/p>\n<p>\u25b8\u00a0<span lang=\"CA\"><strong>Plataforma <span lang=\"ES\">Eureka!,\u00a0<\/span><b>la clau de l\u2019Escola Infantil personalitzada:<\/b><\/strong><a href=\"https:\/\/eureka.santillana.cat\/\"><strong> EUREKA<\/strong><\/a> &#8211;\u00a0<em> Una vegada dins es podran demanar llic\u00e8ncies gratu\u00eftes de <strong>CREEM<\/strong>, una eina de creaci\u00f3 de materias per infantil, i <strong>HO HE TROBAT<\/strong>, una eina per treballa tot all\u00f2 referent a la gamificaci\u00f3 (les mestres podran enviar jocs interactius\u00a0 a casa de forma personalitzada sempre que vulguin, <\/em><em>mitjan\u00e7ant links, <\/em><em>sense que les families hagin d&#8217;instal\u00b7lar res)<\/em><\/span><\/p>\n<p>&nbsp;<\/p>\n<p>&nbsp;<\/p>\n<\/div><div class=\"nav fusion-mobile-tab-nav\"><ul class=\"nav-tabs\"><li><a class=\"tab-link\" data-toggle=\"tab\" id=\"mobile-fusion-tab-tekmanbooks\" href=\"#tab-7b9cf11ab810bd67001\"><h4 class=\"fusion-tab-heading\">TEKMAN BOOKS<\/h4><\/a><\/li><\/ul><\/div><div class=\"tab-pane fade fusion-clearfix\" id=\"tab-7b9cf11ab810bd67001\">\n<p><a href=\"http:\/\/blogs.escolacristiana.org\/formacio\/files\/2020\/03\/2627tekman_books.jpg\"><img loading=\"lazy\" decoding=\"async\" class=\" wp-image-3233 alignnone\" src=\"http:\/\/blogs.escolacristiana.org\/formacio\/files\/2020\/03\/2627tekman_books.jpg\" alt=\"\" width=\"237\" height=\"237\" srcset=\"http:\/\/blogs.escolacristiana.org\/formacio\/files\/2020\/03\/2627tekman_books-66x66.jpg 66w, http:\/\/blogs.escolacristiana.org\/formacio\/files\/2020\/03\/2627tekman_books-150x150.jpg 150w, http:\/\/blogs.escolacristiana.org\/formacio\/files\/2020\/03\/2627tekman_books-200x200.jpg 200w, http:\/\/blogs.escolacristiana.org\/formacio\/files\/2020\/03\/2627tekman_books-300x300.jpg 300w, http:\/\/blogs.escolacristiana.org\/formacio\/files\/2020\/03\/2627tekman_books.jpg 400w\" sizes=\"(max-width: 237px) 100vw, 237px\" \/><\/a><\/p>\n<p>\u25b8 Al nostre <strong>lloc web\u00a0<a href=\"https:\/\/info.tekmaneducation.com\/matematiques-a-casa\">MATEM\u00c0TIQUES A CASA<\/a> \u00a0podeu descarregar activitats d\u2019EMAT i Polo de llimona<\/strong> (el nostre quadern d\u2019estiu) per repassar matem\u00e0tiques des de casa. Com ja vam avan\u00e7ar, la idea \u00e9s que els alumnes puguin anar repassant i practicant conceptes vistos a classe amb l\u2019ajuda, quan calgui, dels pares. Per aix\u00f2 hem incl\u00f2s al lloc web:<\/p>\n<ul>\n<li><strong>Matijocs<\/strong> per a cada curs, amb continguts que ja s\u2019han vist a l\u2019aula<\/li>\n<li><strong>Jocs de cubs<\/strong><\/li>\n<li><strong>Hist\u00f2ries<\/strong> per pensar<\/li>\n<li>Una selecci\u00f3 de <strong>jocs habituals i propostes l\u00fadiques per jugar a casa<\/strong><\/li>\n<li>Acc\u00e8s directe a <strong>CiberEMAT<\/strong><\/li>\n<li>I activitats de <strong>Polo de llimona<\/strong>, per repassar continguts amb l\u2019ajuda de Moshi!<\/li>\n<\/ul>\n<p>\u25b8 Properament trobareu <strong>al nostre <a href=\"https:\/\/www.youtube.com\/channel\/UCFWkJfDcViRpQVaXRj1h8Rg?utm_campaign=covid19&amp;utm_source=hs_email&amp;utm_medium=email&amp;utm_content=84854731&amp;_hsenc=p2ANqtz-87-8VwSRh-C5M5W8smzD111MZL9aGIKA-rmg7RDiWpwmyDn61lim5Fa2lXyGSG4eo543eBuz2HGryW4TOxWVMFq4tb5Q&amp;_hsmi=84854731\">canal de YouTube<\/a> el webinar sobre EMAT.<\/strong> M\u00e9s de 1000 docents hi han assistit i hi han participat amb les seves preguntes i experi\u00e8ncies. Ha estat tot un \u00e8xit!<\/p>\n<p>\u25b8 <strong><a href=\"https:\/\/cdn2.hubspot.net\/hubfs\/6022192\/Webinars_mar%C3%A7_catal%C3%A0.pdf?utm_referrer=https%3A%2F%2Fwww.tekmaneducation.com%2Fca%2Fblog%2F2020%2F03%2F23%2Factivitats-casa-confinament%2F%3Futm_campaign%3Dcovid19%26utm_source%3Dhs_email%26utm_medium%3Demail%26utm_content%3D85290403%26_hsenc%3Dp2ANqtz-_5NKJCpDCxjz2t7SKIO0O5XClDw2cjdW5dz4US_PnkYY4ukVVLHmv3iUzht9oFNq4UZV6PKnWr9MaJ9rZXcdxFcAC_KA%26_hsmi%3D85290403\">Nous Webminars<\/a><em>.<\/em><\/strong> Estigues al dia i resol tots els teus dubtes als webinars <strong>#tekmanacasa<\/strong>.<\/p>\n<p>\u25b8 Consells generals per a les fam\u00edlies<em>.<\/em> <a href=\"https:\/\/www.tekmaneducation.com\/ca\/blog\/2020\/03\/13\/como-ayudar-ninos-continuar-aprendiendo-casa\/?utm_referrer=https%3A%2F%2Fwww.tekmaneducation.com%2Fca%2Fblog%2F2020%2F03%2F23%2Factivitats-casa-confinament%2F%3Futm_campaign%3Dcovid19%26utm_source%3Dhs_email%26utm_medium%3Demail%26utm_content%3D85290403%26_hsenc%3Dp2ANqtz-_5NKJCpDCxjz2t7SKIO0O5XClDw2cjdW5dz4US_PnkYY4ukVVLHmv3iUzht9oFNq4UZV6PKnWr9MaJ9rZXcdxFcAC_KA%26_hsmi%3D85290403\"><strong>Com ajudo als nens a seguir aprenent des de casa?<\/strong><\/a><\/p>\n<p>\u25b8 Segueix en hastag <strong>#TECKMANENCASA<\/strong>, on aniran pareixent m\u00e9s novetats<\/p>\n<p>&nbsp;<\/p>\n<\/div><div class=\"nav fusion-mobile-tab-nav\"><ul class=\"nav-tabs\"><li><a class=\"tab-link\" data-toggle=\"tab\" id=\"mobile-fusion-tab-vicensvives\" href=\"#tab-da71c76dd1e0be4b950\"><h4 class=\"fusion-tab-heading\">VICENS VIVES<\/h4><\/a><\/li><\/ul><\/div><div class=\"tab-pane fade fusion-clearfix\" id=\"tab-da71c76dd1e0be4b950\">\n<p><a href=\"http:\/\/blogs.escolacristiana.org\/formacio\/files\/2020\/03\/LOGO-VICENS-VIVES.png\"><img loading=\"lazy\" decoding=\"async\" class=\" wp-image-3477 alignnone\" src=\"http:\/\/blogs.escolacristiana.org\/formacio\/files\/2020\/03\/LOGO-VICENS-VIVES.png\" alt=\"\" width=\"346\" height=\"57\" srcset=\"http:\/\/blogs.escolacristiana.org\/formacio\/files\/2020\/03\/LOGO-VICENS-VIVES-200x33.png 200w, http:\/\/blogs.escolacristiana.org\/formacio\/files\/2020\/03\/LOGO-VICENS-VIVES-300x49.png 300w, http:\/\/blogs.escolacristiana.org\/formacio\/files\/2020\/03\/LOGO-VICENS-VIVES-400x66.png 400w, http:\/\/blogs.escolacristiana.org\/formacio\/files\/2020\/03\/LOGO-VICENS-VIVES-600x99.png 600w, http:\/\/blogs.escolacristiana.org\/formacio\/files\/2020\/03\/LOGO-VICENS-VIVES-768x126.png 768w, http:\/\/blogs.escolacristiana.org\/formacio\/files\/2020\/03\/LOGO-VICENS-VIVES-800x132.png 800w, http:\/\/blogs.escolacristiana.org\/formacio\/files\/2020\/03\/LOGO-VICENS-VIVES-1024x169.png 1024w, http:\/\/blogs.escolacristiana.org\/formacio\/files\/2020\/03\/LOGO-VICENS-VIVES-1200x198.png 1200w, http:\/\/blogs.escolacristiana.org\/formacio\/files\/2020\/03\/LOGO-VICENS-VIVES.png 2017w\" sizes=\"(max-width: 346px) 100vw, 346px\" \/><\/a><\/p>\n<p>L&#8217;Editorial Vicens Vives, davant la situaci\u00f3 d&#8217;excepcionalitat que estem vivint en aquests moments i amb l&#8217;objectiu d&#8217;ajudar les fam\u00edlies i centres escolars, ha decidit <strong>posar tots els seus recursos educatius digitals a la disposici\u00f3 de la comunitat educativa amb acc\u00e9s lliure i de manera gratu\u00efta<\/strong>.<\/p>\n<p>Els docents i les fam\u00edlies podran accedir, a partir del pr\u00f2xim dimarts 17 , a la web <strong><a title=\"https:\/\/www.vicensvives.com\/vvweb\/view\/pages\/p01\/load.php?id=2786&amp;lang=ca\" href=\"https:\/\/www.vicensvives.com\/vvweb\/view\/pages\/p01\/load.php?id=2786&amp;lang=ca\">suport.vicensvives.com<\/a> <\/strong>, on trobaran les<strong> llic\u00e8ncies digitals de lliure acc\u00e9s als continguts i recursos online d&#8217;Infantil, Prim\u00e0ria, ESO i Batxillerat a trav\u00e9s de la plataforma digital edubook.vicensvives.com<\/strong> . D&#8217;aquesta manera, Vicens Vives posa a l&#8217;abast dels docents i les fam\u00edlies els \u00faltims i m\u00e9s innovadors recursos educatius online amb els quals garantir la continu\u00eftat de la formaci\u00f3 acad\u00e8mica dels alumnes des de les seves llars.<\/p>\n<p>Amb aquesta iniciativa, Vicens Vives mostra amb determinaci\u00f3 la seva voluntat d&#8217;ajudar a tots els que s&#8217;enfronten a un repte sense precedents; <strong>continuar amb la formaci\u00f3 des de casa procurant aportar la m\u00e0xima normalitat davant aquestes circumst\u00e0ncies tan extraordin\u00e0ries<\/strong>.<\/p>\n<p>Des de la seva fundaci\u00f3, Editorial Vicens Vives ha apostat per la qualitat i la innovaci\u00f3 al servei de la comunitat educativa i est\u00e0 conven\u00e7uda que tot repte comporta tamb\u00e9 noves oportunitats. D&#8217;una situaci\u00f3 de gran excepcionalitat \u00e9s possible tamb\u00e9 adquirir noves formes d&#8217;aprenentatge que, amb tota probabilitat, passaran ja a formar part del futur de tots.<\/p>\n<p>Des de Vicens Vives desitgem enviar un missatge de responsabilitat i m\u00e0xim suport a totes la fam\u00edlies i docents.<\/div><\/div><\/div><div class=\"fusion-clearfix\"><\/div>\n\n\t\t\t\t\t<\/div>\n\t\t\t\t<\/div><\/div><\/div>\n","protected":false},"excerpt":{"rendered":"<p>Serveis de les editorials pel COVID-19 [&hellip;]<\/p>\n","protected":false},"author":14,"featured_media":0,"parent":0,"menu_order":0,"comment_status":"closed","ping_status":"closed","template":"","meta":{"footnotes":""},"_links":{"self":[{"href":"http:\/\/blogs.escolacristiana.org\/formacio\/wp-json\/wp\/v2\/pages\/3164"}],"collection":[{"href":"http:\/\/blogs.escolacristiana.org\/formacio\/wp-json\/wp\/v2\/pages"}],"about":[{"href":"http:\/\/blogs.escolacristiana.org\/formacio\/wp-json\/wp\/v2\/types\/page"}],"author":[{"embeddable":true,"href":"http:\/\/blogs.escolacristiana.org\/formacio\/wp-json\/wp\/v2\/users\/14"}],"replies":[{"embeddable":true,"href":"http:\/\/blogs.escolacristiana.org\/formacio\/wp-json\/wp\/v2\/comments?post=3164"}],"version-history":[{"count":26,"href":"http:\/\/blogs.escolacristiana.org\/formacio\/wp-json\/wp\/v2\/pages\/3164\/revisions"}],"predecessor-version":[{"id":3739,"href":"http:\/\/blogs.escolacristiana.org\/formacio\/wp-json\/wp\/v2\/pages\/3164\/revisions\/3739"}],"wp:attachment":[{"href":"http:\/\/blogs.escolacristiana.org\/formacio\/wp-json\/wp\/v2\/media?parent=3164"}],"curies":[{"name":"wp","href":"https:\/\/api.w.org\/{rel}","templated":true}]}}