{"id":89,"date":"2016-07-19T06:59:58","date_gmt":"2016-07-19T06:59:58","guid":{"rendered":"http:\/\/blogs.escolacristiana.org\/formacio\/?page_id=89"},"modified":"2026-04-15T08:46:35","modified_gmt":"2026-04-15T07:46:35","slug":"aspectes-practics","status":"publish","type":"page","link":"http:\/\/blogs.escolacristiana.org\/formacio\/aspectes-practics\/","title":{"rendered":"INFORMACI\u00d3 PR\u00c0CTICA"},"content":{"rendered":"<h2><strong>Normativa de formaci\u00f3 i finan\u00e7ament<\/strong><\/h2>\n<p><strong>Documents necessaris per a la bonificaci\u00f3<br \/>\n<\/strong><\/p>\n<ul>\n<li><a href=\"https:\/\/escolacristiana-my.sharepoint.com\/:b:\/g\/personal\/clon_fecc_cat\/IQD9VR8fUzCQTrOhuFahAvgPAfnHv_HHFO1tiU5Pte0QnW4?e=l4JyGJ\" rel=\"attachment wp-att-6527\">Document de comunicaci\u00f3 a la RLT &#8211; curs 25-26<\/a><\/li>\n<li><a href=\"http:\/\/blogs.escolacristiana.org\/formacio\/aspectes-practics\/cost-salarial_-v3\/\" rel=\"attachment wp-att-7443\">Certificat de Cost Salarial<\/a><\/li>\n<\/ul>\n<p><strong>\u00a0<\/strong><\/p>\n<p><strong>Tipologia de formacions:<\/strong><\/p>\n<ul>\n<li>Cursos de pagament (es facturen a l\u2019escola per\u00f2 poden ser bonificats, la qual cosa vol dir que es pot recuperar part o la totalitat del seu cost a trav\u00e9s d\u2019un descompte en el pagament de les cotitzacions a la Seguretat Social per part de l\u2019empresa). Aquests cursos es poden realitzar a la FECC o b\u00e9 a l\u2019escola que ho sol\u00b7liciti)<\/li>\n<li>Cursos Gratu\u00efts (subvencionats pel Consorci per a la Formaci\u00f3 Cont\u00ednua)<\/li>\n<li>Jornades<\/li>\n<li>Xerrades a les escoles<\/li>\n<\/ul>\n<p>&nbsp;<\/p>\n<p><strong>Inscripcions<\/strong><\/p>\n<ul>\n<li>En el cas de cursos i jornades, les sol\u2022licituds d\u2019inscripci\u00f3 es formalitzen a trav\u00e9s del formulari que trobareu a la web de la FECC, en l\u2019apartat Formaci\u00f3, o b\u00e9 en l\u2019apartat Accions Formatives\/Inscripci\u00f3.<\/li>\n<li>Les places s\u2019atorguen per ordre d\u2019inscripci\u00f3 i fins arribar al l\u00edmit establert en cada cas (que pot venir definit per l\u2019aforament de l\u2019espai o b\u00e9 per la normativa de finan\u00e7ament)<\/li>\n<li>En el cas que vulgueu que realitzem un curs o xerrada al vostre centre, cal que adreceu la petici\u00f3 al Servei de Gesti\u00f3 de Serveis Educatius:\u00a0 <a href=\"mailto:formacio@escolacristiana.org\">formacio@escolacristiana.org<\/a> (En el cas de cursos, els preus s\u00f3n els mateixos tant si es realitzen a la FECC com a la vostra escola) (En el cas de les xerrades per al claustre, el preu varia en funci\u00f3 del formador i del cost del despla\u00e7ament)<\/li>\n<\/ul>\n<p>&nbsp;<\/p>\n<p><strong>Pagament<\/strong><\/p>\n<ul>\n<li>En el cas de les Jornades, el pagament es realitza pr\u00e8viament a la Jornada mitjan\u00e7ant targeta de cr\u00e8dit<\/li>\n<li>En el cas dels cursos, i per a les escoles adherides a la FECC, el cobrament es realitza habitualment mitjan\u00e7ant rebut domiciliat un cop iniciat el curs i posteriorment a l\u2019enviament de la factura. Si el participant no pertany a cap centre adherit a la FECC, el pagament ha de fer-se mitjan\u00e7ant transfer\u00e8ncia abans de l\u2019inici del curs.<\/li>\n<\/ul>\n<p>&nbsp;<\/p>\n<p><strong>\u00a0\u00a0 Bonificacions de la matr\u00edcula<\/strong><\/p>\n<ul>\n<li>Tots els cursos que realitzem (a excepci\u00f3 dels gratu\u00efts-subvencionats) compleixen els requisits per ser bonificables. Per obtenir aquesta bonificaci\u00f3, cal haver fet pr\u00e8viament uns tr\u00e0mits amb la <em>Fundaci\u00f3n Estatal para la Formaci\u00f3n en el Empleo<\/em>, tr\u00e0mits que nosaltres realitzem autom\u00e0ticament i sense cap cost afegit per a les escoles adherides a la FECC. En aquests casos, un cop finalitzada la formaci\u00f3 us enviarem un document amb l&#8217;import exacte a bonificar. Si no sou entitat adherida a la FECC per\u00f2 voleu que us fem aquesta gesti\u00f3 cal que ho sol\u00b7liciteu a: <a href=\"mailto:gestio@escolacristiana.org\">gestio@escolacristiana.org<\/a><\/li>\n<li>L\u2019aplicaci\u00f3 d\u2019aquesta bonificaci\u00f3 est\u00e0 subjecta a la normativa de bonificacions de la <em>Fundaci\u00f3n Estatal para la Formaci\u00f3n en el Empleo (FEFE)<\/em>:<\/li>\n<\/ul>\n<p style=\"padding-left: 60px\">No podran ser objecte de bonificaci\u00f3: les inscripcions fora de termini, les participacions que no arribin al 75% d\u2019assist\u00e8ncia de la part presencial del curs, la no superaci\u00f3 de la part de Teleformaci\u00f3 en cas que n&#8217;hi hagi, la participaci\u00f3 dels Aut\u00f2noms, ni les inscripcions en les quals el participant (particularment) hagi pagat alguna quantitat.<\/p>\n<ul>\n<li>L\u2019acci\u00f3 formativa que sigui objecte de bonificaci\u00f3 haur\u00e0 de ser comunicada abans d\u2019iniciar-se a la representaci\u00f3 legal dels treballadors per escrit. A la FECC tenim a la vostra disposici\u00f3 un model per fer aquesta comunicaci\u00f3.<\/li>\n<\/ul>\n<p><strong>\u00a0<\/strong><\/p>\n<p><strong>Baixes<\/strong><\/p>\n<p>Sempre cal notificar la baixa d\u2019una inscripci\u00f3 per escrit (correu electr\u00f2nic a formacio@escolacristiana.org ). En funci\u00f3 de quan es realitzi aquesta comunicaci\u00f3 pot haver-hi una penalitzaci\u00f3 econ\u00f2mica. Cal consultar la normativa espec\u00edfica de baixes al programa de cada activitat.<\/p>\n<p><strong>Certificat d\u2019assist\u00e8ncia<\/strong><\/p>\n<p>Per rebre el certificat d\u2019assist\u00e8ncia cal haver assistit a un m\u00ednim del 75% de les hores presencials (es justifica amb la signatura al full d\u2019assist\u00e8ncia de cada sessi\u00f3). I en cas que hi hagi hores de teleformaci\u00f3, cal haver aprovat tamb\u00e9 aquesta part (segons la valoraci\u00f3 del formador).<\/p>\n<p>&nbsp;<\/p>\n<p><strong>Reconeixement del Departament d\u2019Ensenyament<\/strong><\/p>\n<p>De tots els nostres cursos de 15h o m\u00e9s adre\u00e7ats a mestres i\/o professors en sol\u2022licitem el reconeixement al Departament d\u2019Ensenyament. En el cas de cursos que ens demaneu per fer a l\u2019escola, tingueu present que nom\u00e9s ser\u00e0 Reconegut el curs si ens el sol\u00b7liciteu amb un m\u00ednim de 3 mesos d\u2019antelaci\u00f3.<\/p>\n<p>&nbsp;<\/p>\n<p><strong>Gesti\u00f3 de la bonificaci\u00f3 de formacions NO organitzades per la FECC<\/strong><\/p>\n<p>En el cas que vulgueu que gestionem la bonificaci\u00f3 de formaci\u00f3 NO organitzada per la FECC del vostre personal us oferim aquest servei. Consulteu-nos els preus i el funcionament a <a href=\"mailto:gestio@escolacristiana.org\">gestio@escolacristiana.org<\/a><\/p>\n","protected":false},"excerpt":{"rendered":"<p>Normativa de formaci\u00f3 i finan\u00e7ament Documents [&hellip;]<\/p>\n","protected":false},"author":6,"featured_media":0,"parent":0,"menu_order":0,"comment_status":"closed","ping_status":"closed","template":"","meta":{"footnotes":""},"_links":{"self":[{"href":"http:\/\/blogs.escolacristiana.org\/formacio\/wp-json\/wp\/v2\/pages\/89"}],"collection":[{"href":"http:\/\/blogs.escolacristiana.org\/formacio\/wp-json\/wp\/v2\/pages"}],"about":[{"href":"http:\/\/blogs.escolacristiana.org\/formacio\/wp-json\/wp\/v2\/types\/page"}],"author":[{"embeddable":true,"href":"http:\/\/blogs.escolacristiana.org\/formacio\/wp-json\/wp\/v2\/users\/6"}],"replies":[{"embeddable":true,"href":"http:\/\/blogs.escolacristiana.org\/formacio\/wp-json\/wp\/v2\/comments?post=89"}],"version-history":[{"count":43,"href":"http:\/\/blogs.escolacristiana.org\/formacio\/wp-json\/wp\/v2\/pages\/89\/revisions"}],"predecessor-version":[{"id":7453,"href":"http:\/\/blogs.escolacristiana.org\/formacio\/wp-json\/wp\/v2\/pages\/89\/revisions\/7453"}],"wp:attachment":[{"href":"http:\/\/blogs.escolacristiana.org\/formacio\/wp-json\/wp\/v2\/media?parent=89"}],"curies":[{"name":"wp","href":"https:\/\/api.w.org\/{rel}","templated":true}]}}